{"id":51,"date":"2022-01-05T18:14:39","date_gmt":"2022-01-05T17:14:39","guid":{"rendered":"https:\/\/www.lesbruhasses.fr\/es\/?page_id=51"},"modified":"2025-01-10T18:38:49","modified_gmt":"2025-01-10T17:38:49","slug":"mesa-de-huespedes-gourmet-en-el-gers","status":"publish","type":"page","link":"https:\/\/www.lesbruhasses.fr\/es\/mesa-de-huespedes-gourmet-en-el-gers\/","title":{"rendered":"Mesa de hu\u00e9spedes gourmet en el Gers"},"content":{"rendered":"<p>[et_pb_section fb_built=\u00bb1&#8243; fullwidth=\u00bbon\u00bb disabled_on=\u00bbon|off|off\u00bb _builder_version=\u00bb4.16&#8243; _module_preset=\u00bbdefault\u00bb background_image=\u00bbhttps:\/\/www.lesbruhasses.fr\/es\/wp-content\/uploads\/sites\/3\/2022\/01\/Table-dhotes-Les-Bruhasses-Maison-dhotes-de-charme-Condom-Gers.jpg\u00bb parallax=\u00bbon\u00bb parallax_method=\u00bboff\u00bb height=\u00bb95vh\u00bb locked=\u00bboff\u00bb global_colors_info=\u00bb{}\u00bb][\/et_pb_section][et_pb_section fb_built=\u00bb1&#8243; _builder_version=\u00bb4.21.0&#8243; background_image=\u00bbhttps:\/\/www.lesbruhasses.fr\/es\/wp-content\/uploads\/sites\/3\/2022\/01\/Table-dhotes-Les-Bruhasses-Maison-dhotes-de-charme-Condom-Gers-NB-20pc.jpg\u00bb parallax=\u00bbon\u00bb parallax_method=\u00bboff\u00bb custom_margin_tablet=\u00bb-3em||||false|false\u00bb custom_margin_phone=\u00bb0em||||false|false\u00bb custom_margin_last_edited=\u00bbon|phone\u00bb locked=\u00bboff\u00bb global_colors_info=\u00bb{}\u00bb][et_pb_row _builder_version=\u00bb4.16&#8243; custom_margin=\u00bb-2em||||false|false\u00bb custom_margin_tablet=\u00bb-3em||-4em||false|false\u00bb custom_margin_phone=\u00bb\u00bb custom_margin_last_edited=\u00bbon|tablet\u00bb custom_padding=\u00bb||0px||false|false\u00bb global_colors_info=\u00bb{}\u00bb][et_pb_column type=\u00bb4_4&#8243; _builder_version=\u00bb4.16&#8243; global_colors_info=\u00bb{}\u00bb][et_pb_text _builder_version=\u00bb4.16&#8243; header_font=\u00bb|700|||||||\u00bb header_text_align=\u00bbcenter\u00bb header_font_size=\u00bb2.5em\u00bb header_line_height=\u00bb1.1em\u00bb text_orientation=\u00bbjustified\u00bb header_font_size_tablet=\u00bb2.5em\u00bb header_font_size_phone=\u00bb1.6em\u00bb header_font_size_last_edited=\u00bbon|phone\u00bb header_line_height_tablet=\u00bb1.1em\u00bb header_line_height_phone=\u00bb1.1em\u00bb header_line_height_last_edited=\u00bbon|phone\u00bb global_colors_info=\u00bb{}\u00bb]<\/p>\n<h1>Mesa de hu\u00e9spedes en la finca de Les Bruhasses<\/h1>\n<p>[\/et_pb_text][et_pb_text _builder_version=\u00bb4.27.2&#8243; _module_preset=\u00bbdefault\u00bb text_font=\u00bb|300|||||||\u00bb text_text_color=\u00bb#FFFFFF\u00bb text_font_size=\u00bb16px\u00bb header_font=\u00bb|700|||||||\u00bb background_color=\u00bb#912727&#8243; text_orientation=\u00bbcenter\u00bb width=\u00bb80%\u00bb max_width=\u00bb80%\u00bb module_alignment=\u00bbcenter\u00bb custom_margin=\u00bb0px||||false|false\u00bb custom_padding=\u00bb10px|20px|10px|20px|true|true\u00bb border_radii=\u00bbon|3px|3px|3px|3px\u00bb locked=\u00bboff\u00bb global_colors_info=\u00bb{}\u00bb]<\/p>\n<p><strong>Mesa de hu\u00e9spedes vuelve a abrir de 2 a 3 veces por semana. M\u00ednimo 8 hu\u00e9spedes.<\/strong><br \/>Favorecemos los productos locales y de nuestra huerta.<br \/>Tambi\u00e9n puedes comer en Les Bruhasses ya que te proporcionamos cubiertos, vasos, nevera, microondas, etc &#8230; Productores y mercados locales est\u00e1n cerca.<\/p>\n<p>[\/et_pb_text][\/et_pb_column][\/et_pb_row][et_pb_row column_structure=\u00bb1_2,1_2&#8243; _builder_version=\u00bb4.16&#8243; custom_margin_tablet=\u00bb-2em||||false|false\u00bb custom_margin_phone=\u00bb\u00bb custom_margin_last_edited=\u00bbon|tablet\u00bb global_colors_info=\u00bb{}\u00bb][et_pb_column type=\u00bb1_2&#8243; _builder_version=\u00bb4.16&#8243; global_colors_info=\u00bb{}\u00bb][et_pb_text admin_label=\u00bbpr\u00e9sentation\u00bb module_class=\u00bbtitle-style2&#8243; _builder_version=\u00bb4.16&#8243; header_2_font=\u00bbMerriweather||||||||\u00bb header_2_font_size=\u00bb15px\u00bb custom_margin=\u00bb1em||||false|false\u00bb custom_padding=\u00bb||0px||false|false\u00bb custom_padding_tablet=\u00bb\u00bb custom_padding_phone=\u00bb||||false|false\u00bb custom_padding_last_edited=\u00bbon|phone\u00bb border_width_bottom=\u00bb1px\u00bb border_color_bottom=\u00bb#e8e8e8&#8243; locked=\u00bboff\u00bb global_colors_info=\u00bb{}\u00bb]<\/p>\n<h2>Hospitalidad gascona<\/h2>\n<p>[\/et_pb_text][et_pb_divider divider_weight=\u00bb3px\u00bb module_class=\u00bbseparat\u00bb _builder_version=\u00bb4.16&#8243; width=\u00bb48px\u00bb module_alignment=\u00bbleft\u00bb custom_margin=\u00bb||0px||false|false\u00bb custom_margin_tablet=\u00bb\u00bb custom_margin_phone=\u00bb-2em||||false|false\u00bb custom_margin_last_edited=\u00bbon|desktop\u00bb locked=\u00bboff\u00bb global_colors_info=\u00bb{}\u00bb][\/et_pb_divider][et_pb_text _builder_version=\u00bb4.17.4&#8243; header_2_text_align=\u00bbcenter\u00bb text_orientation=\u00bbjustified\u00bb global_colors_info=\u00bb{}\u00bb]<\/p>\n<p> Hija de los viticultores de Arma\u00f1ac, H\u00e9l\u00e8ne, est\u00e1 decididamente unida a las tradiciones de dar la bienvenida a la regi\u00f3n gascona. \u00a1Al darle la bienvenida a su Sena, ella lo deleitar\u00e1 con especialidades de Gers, elaboradas con productos de calidad y, a menudo, adaptadas al gusto del d\u00eda! <\/p>\n<p> Casada con un quebequense, ella te llevar\u00e1 de viaje por su cocina, y H\u00e9l\u00e8ne y Jean disfrutar\u00e1n compartiendo contigo su vida y experiencia de viaje, ya que llevan 20 a\u00f1os viviendo en Estados Unidos. <\/ p><\/p>\n<p> Con su experiencia en el catering y la acogida del p\u00fablico, te ayudar\u00e1n a descubrir esta parte del pa\u00eds, la redondez de sus paisajes, la calidad de los productos locales y los vinos que encontrar\u00e1s en tu plato. H\u00e9l\u00e8ne solo puede dise\u00f1ar la mesa de hu\u00e9spedes comparti\u00e9ndola contigo. <\/p>\n<p>[\/et_pb_text][\/et_pb_column][et_pb_column type=\u00bb1_2&#8243; _builder_version=\u00bb4.16&#8243; global_colors_info=\u00bb{}\u00bb][et_pb_image src=\u00bbhttps:\/\/www.lesbruhasses.fr\/wp-content\/uploads\/2019\/12\/Croustade-foie-gras-pommes-Table-hotes-Les-Bruhasses-Gers.jpg\u00bb _builder_version=\u00bb4.16&#8243; custom_margin=\u00bb2em||||false|false\u00bb custom_margin_tablet=\u00bb0em||||false|false\u00bb custom_margin_phone=\u00bb-1em||||false|false\u00bb custom_margin_last_edited=\u00bbon|phone\u00bb global_colors_info=\u00bb{}\u00bb][\/et_pb_image][\/et_pb_column][\/et_pb_row][et_pb_row column_structure=\u00bb1_2,1_2&#8243; _builder_version=\u00bb4.16&#8243; custom_margin=\u00bb||||false|false\u00bb custom_margin_tablet=\u00bb-3em||||false|false\u00bb custom_margin_phone=\u00bb-4em||||false|false\u00bb custom_margin_last_edited=\u00bbon|phone\u00bb custom_padding=\u00bb||||false|false\u00bb global_colors_info=\u00bb{}\u00bb][et_pb_column type=\u00bb1_2&#8243; _builder_version=\u00bb4.16&#8243; global_colors_info=\u00bb{}\u00bb][et_pb_image src=\u00bbhttps:\/\/www.lesbruhasses.fr\/wp-content\/uploads\/2019\/12\/Carpaccio-canard-caviar-aubergine-Table-hotes-Les-Bruhasses-Gers.jpg\u00bb _builder_version=\u00bb4.16&#8243; custom_margin=\u00bb0px||||false|false\u00bb custom_margin_tablet=\u00bb0em||-4em||false|false\u00bb custom_margin_phone=\u00bb1em||||false|false\u00bb custom_margin_last_edited=\u00bbon|tablet\u00bb global_colors_info=\u00bb{}\u00bb][\/et_pb_image][\/et_pb_column][et_pb_column type=\u00bb1_2&#8243; _builder_version=\u00bb4.16&#8243; global_colors_info=\u00bb{}\u00bb][et_pb_text admin_label=\u00bbpr\u00e9sentation\u00bb module_class=\u00bbtitle-style2&#8243; _builder_version=\u00bb4.17.4&#8243; header_2_font=\u00bbMerriweather||||||||\u00bb header_2_font_size=\u00bb15px\u00bb custom_margin=\u00bb1em||||false|false\u00bb custom_margin_tablet=\u00bb\u00bb custom_margin_phone=\u00bb4em||||false|false\u00bb custom_margin_last_edited=\u00bbon|phone\u00bb custom_padding=\u00bb||0px||false|false\u00bb custom_padding_tablet=\u00bb\u00bb custom_padding_phone=\u00bb||||false|false\u00bb custom_padding_last_edited=\u00bbon|phone\u00bb border_width_bottom=\u00bb1px\u00bb border_color_bottom=\u00bb#e8e8e8&#8243; locked=\u00bboff\u00bb global_colors_info=\u00bb{}\u00bb]<\/p>\n<h2>Una Sena sabrosa y gourmet<\/h2>\n<p>[\/et_pb_text][et_pb_divider divider_weight=\u00bb3px\u00bb module_class=\u00bbseparat\u00bb _builder_version=\u00bb4.16&#8243; width=\u00bb48px\u00bb module_alignment=\u00bbleft\u00bb custom_margin=\u00bb||0px||false|false\u00bb custom_margin_tablet=\u00bb\u00bb custom_margin_phone=\u00bb-2em||||false|false\u00bb custom_margin_last_edited=\u00bbon|desktop\u00bb locked=\u00bboff\u00bb global_colors_info=\u00bb{}\u00bb][\/et_pb_divider][et_pb_text _builder_version=\u00bb4.17.4&#8243; header_2_text_align=\u00bbcenter\u00bb text_orientation=\u00bbjustified\u00bb custom_margin=\u00bb||2em||false|false\u00bb global_colors_info=\u00bb{}\u00bb]La mesa de hu\u00e9spedes que le ofrecemos en una f\u00f3rmula todo incluido consta de un aperitivo, entrantes, un entrante, un plato principal, un postre acompa\u00f1ado de vinos, caf\u00e9, t\u00e9, infusiones y Armagnac 2000 de Ch\u00e2teau de Millet.<\/p>\n<p>Le haremos degustar aperitivos, c\u00f3cteles y vinos de los productos de la propiedad familiar: Floc de Gascogne, Vin de Pays des C\u00f4tes de Gascogne y el n\u00e9ctar de Gers, Armagnac. Servimos productos regionales de calidad y la mayor\u00eda de las verduras provienen de nuestra huerta.<\/p>\n<p>El Sena se sirve en la terraza o en el gran comedor seg\u00fan la temporada. El Sena se sirve a las 20:00 h.<\/p>\n<p>Dependiendo de la disponibilidad, La mesa de hu\u00e9spedes debe reservarse con al menos 24 horas de anticipaci\u00f3n. Por favor cont\u00e1ctenos para disponibilidad. M\u00ednimo 6 personas. Si H\u00e9l\u00e8ne no cocina durante su estancia, hay varios restaurantes muy buenos a 5 minutos de Les Bruhasses.<\/p>\n<p>No tienes ganas de salir, c\u00f3mprate algunos productos regionales y come en la terraza o en la gran mesa del interior. Productores locales y supermercado a 2 kms. Proporcionamos los cubiertos. Disponible: microondas, frigor\u00edfico, cafetera y tetera. Te ofrecemos una copa de vino para acompa\u00f1ar la comida.[\/et_pb_text][\/et_pb_column][\/et_pb_row][et_pb_row _builder_version=\u00bb4.16&#8243; custom_margin=\u00bb-3em||||false|false\u00bb locked=\u00bboff\u00bb global_colors_info=\u00bb{}\u00bb][et_pb_column type=\u00bb4_4&#8243; _builder_version=\u00bb4.16&#8243; global_colors_info=\u00bb{}\u00bb][et_pb_text admin_label=\u00bbpr\u00e9sentation\u00bb module_class=\u00bbtitle-style2&#8243; _builder_version=\u00bb4.16&#8243; header_2_font=\u00bbMerriweather||||||||\u00bb header_2_font_size=\u00bb15px\u00bb custom_margin=\u00bb1em||||false|false\u00bb custom_padding=\u00bb||0px||false|false\u00bb custom_padding_tablet=\u00bb\u00bb custom_padding_phone=\u00bb||||false|false\u00bb custom_padding_last_edited=\u00bbon|phone\u00bb border_width_bottom=\u00bb1px\u00bb border_color_bottom=\u00bb#e8e8e8&#8243; locked=\u00bboff\u00bb global_colors_info=\u00bb{}\u00bb]<\/p>\n<h2>Precios<\/h2>\n<p>[\/et_pb_text][et_pb_divider divider_weight=\u00bb3px\u00bb module_class=\u00bbseparat\u00bb _builder_version=\u00bb4.16&#8243; width=\u00bb48px\u00bb module_alignment=\u00bbleft\u00bb custom_margin=\u00bb||0px||false|false\u00bb custom_margin_tablet=\u00bb\u00bb custom_margin_phone=\u00bb-2em||||false|false\u00bb custom_margin_last_edited=\u00bbon|desktop\u00bb locked=\u00bboff\u00bb global_colors_info=\u00bb{}\u00bb][\/et_pb_divider][\/et_pb_column][\/et_pb_row][et_pb_row column_structure=\u00bb1_2,1_2&#8243; _builder_version=\u00bb4.16&#8243; custom_margin=\u00bb-3em||||false|false\u00bb locked=\u00bboff\u00bb global_colors_info=\u00bb{}\u00bb][et_pb_column type=\u00bb1_2&#8243; _builder_version=\u00bb4.16&#8243; global_colors_info=\u00bb{}\u00bb][et_pb_text _builder_version=\u00bb4.27.4&#8243; header_text_align=\u00bbcenter\u00bb custom_margin=\u00bb||||false|false\u00bb hover_enabled=\u00bb0&#8243; global_colors_info=\u00bb{}\u00bb sticky_enabled=\u00bb0&#8243;]<\/p>\n<p>Mesa de hu\u00e9spedes del mercado: 37,00 \u20ac<\/p>\n<ul>\n<li>Aperitivo, Vinos y Armagnac 2000 incluidos<\/li>\n<\/ul>\n<p>Ni\u00f1os 13\/17 a\u00f1os: 27,00\u20ac<\/p>\n<p>Ni\u00f1os 4\/12 a\u00f1os: 20,00\u20ac<\/p>\n<p>Aperitivo: 19.30 h \u2013 Cena: 20 h<\/p>\n<p>Cena seg\u00fan disponibilidad. <span style=\"text-decoration: underline;\">M\u00ednimo 8 hu\u00e9spedes.<\/span><\/p>\n<p>Por favor, aseg\u00farese de que su solicitud est\u00e9 confirmada.<\/p>\n<p>[\/et_pb_text][\/et_pb_column][et_pb_column type=\u00bb1_2&#8243; _builder_version=\u00bb4.16&#8243; global_colors_info=\u00bb{}\u00bb][et_pb_image src=\u00bbhttps:\/\/www.lesbruhasses.fr\/es\/wp-content\/uploads\/sites\/3\/2022\/01\/Table-dhotes-Les-Bruhasses-Maison-dhotes-de-charme-Condom-Gers-1.jpg\u00bb title_text=\u00bbTable d&#8217;hotes-Les Bruhasses-Maison d&#8217;hotes de charme-Condom-Gers\u00bb _builder_version=\u00bb4.16&#8243; global_colors_info=\u00bb{}\u00bb][\/et_pb_image][\/et_pb_column][\/et_pb_row][\/et_pb_section][et_pb_section fb_built=\u00bb1&#8243; admin_label=\u00bbFOOTER\u00bb _builder_version=\u00bb4.0.9&#8243; background_color=\u00bb#423227&#8243; global_module=\u00bb16&#8243; saved_tabs=\u00bball\u00bb locked=\u00bboff\u00bb global_colors_info=\u00bb{}\u00bb][et_pb_row column_structure=\u00bb1_2,1_2&#8243; use_custom_gutter=\u00bbon\u00bb gutter_width=\u00bb2&#8243; _builder_version=\u00bb4.16&#8243; custom_margin=\u00bb-2em||||false|false\u00bb global_colors_info=\u00bb{}\u00bb][et_pb_column type=\u00bb1_2&#8243; _builder_version=\u00bb4.16&#8243; global_colors_info=\u00bb{}\u00bb][et_pb_text admin_label=\u00bbPRESSE\u00bb _builder_version=\u00bb4.17.4&#8243; header_2_font=\u00bbMerriweather||||||||\u00bb header_2_text_color=\u00bb#ffffff\u00bb header_2_font_size=\u00bb15px\u00bb custom_padding=\u00bb||0px||false|false\u00bb border_color_bottom=\u00bb#e8e8e8&#8243; global_colors_info=\u00bb{}\u00bb]<\/p>\n<h2>PRENSA<\/h2>\n<p>[\/et_pb_text][et_pb_divider divider_weight=\u00bb3px\u00bb _builder_version=\u00bb4.16&#8243; width=\u00bb48px\u00bb module_alignment=\u00bbleft\u00bb custom_margin=\u00bb-1.2em||||false|false\u00bb custom_margin_tablet=\u00bb\u00bb custom_margin_phone=\u00bb-2em||||false|false\u00bb custom_margin_last_edited=\u00bbon|desktop\u00bb global_colors_info=\u00bb{}\u00bb][\/et_pb_divider][et_pb_text admin_label=\u00bbTexte\u00bb _builder_version=\u00bb4.20.0&#8243; link_text_color=\u00bb#bfbf00&#8243; ul_font=\u00bb||||||||\u00bb ul_text_align=\u00bbleft\u00bb ul_text_color=\u00bb#ffffff\u00bb ul_line_height=\u00bb1.3em\u00bb custom_margin=\u00bb-1em||||false|false\u00bb custom_padding=\u00bb|||5px|false|false\u00bb border_width_left=\u00bb4px\u00bb border_color_left=\u00bb#912727&#8243; global_colors_info=\u00bb{}\u00bb]<\/p>\n<ul>\n<li>Your English is better than my French, Eric Kirchman (02\/2023)<\/li>\n<li><a href=\"https:\/\/www.lesbruhasses.fr\/wp-content\/uploads\/2022\/09\/Article-Table-dHotes-Les-Bruhasses-Magazine-Food-and-Sense-septembre-2022.pdf\" target=\"_blank\" rel=\"noopener\">Food &amp; Sens<\/a>, Automne 2022 (09\/2022)<\/li>\n<li><a href=\"https:\/\/www.lesbruhasses.fr\/wp-content\/uploads\/2022\/09\/Article-The-Times-septembre-2022.pdf\" target=\"_blank\" rel=\"noopener\">The Sunday Times<\/a>, Automne 2022 (09\/2022)<\/li>\n<li><a href=\"https:\/\/www.lesbruhasses.fr\/wp-content\/uploads\/2022\/09\/Article-Auto-Journal-juillet-aout-septembre-2022-Les-Bruhasses-Maison-dhotes-Condom-Gers.pdf\" target=\"_blank\" rel=\"noopener\">L&#8217;Auto-Journal<\/a>, \u00c9t\u00e9 2022 (07\/2022)<\/li>\n<li><a href=\"https:\/\/www.lesbruhasses.fr\/wp-content\/uploads\/2022\/04\/Table-dhotes-Occitanie-Midi-Depeche-avril-2022.pdf\" target=\"_blank\" rel=\"noopener\">Table d&#8217;h\u00f4tes en Occitanie, Midi Magazine<\/a> (04\/2022)<\/li>\n<li><a href=\"https:\/\/www.lesbruhasses.fr\/wp-content\/uploads\/2021\/09\/Article-The-Guardian-septembre-2021-Les-Bruhasses-Maison-dhotes-Condom-Gers.pdf\" target=\"_blank\" rel=\"noopener\">The Guardian Newspaper<\/a>, Londres (09\/2021)<\/li>\n<li><a href=\"https:\/\/www.lesbruhasses.fr\/wp-content\/uploads\/2021\/09\/Article-The-Times-aout-2021-Les-Bruhasses-Maison-dhotes-Condom-Gers.pdf\" target=\"_blank\" rel=\"noopener\">The Times Newspaper<\/a>, Travel Magazine, Londres (08\/2021)<\/li>\n<li><a href=\"https:\/\/www.lesadressesdemariedo.com\/2020\/09\/04\/au-hasard-des-vignobles\/\" target=\"_blank\" rel=\"noopener\">Les adresses de Marie-Dominique Perrin<\/a> &#8211; Automne, 2020<\/li>\n<li>Avis Booking.com : note 9,6<\/li>\n<li><a href=\"https:\/\/vimeo.com\/294090292\" target=\"_blank\" rel=\"noopener noreferrer\"> Vid\u00e9o Coucher de soleil \u00e0 la chambre d&#8217;h\u00f4tes les Bruhasses<\/a> (10\/2018)<\/li>\n<li><a href=\"https:\/\/www.youtube.com\/watch?v=oR_YBXL3jP0&amp;feature=youtu.be&amp;t=45\" target=\"_blank\" rel=\"noopener noreferrer\"> Vid\u00e9o G\u00eetes de France sur les Bruhasses<\/a> (09\/2017)<\/li>\n<li>C\u00f4t\u00e9 Gers, \u00c9t\u00e9 2018. Sur la route des Bruhasses<\/li>\n<li>La D\u00e9p\u00e8che, Les Bruhasses r\u00e9compens\u00e9s (01\/2018)<\/li>\n<li>The Bayer, Armagnac Spirit Neil Hennessy (12\/2017)<\/li>\n<\/ul>\n<p>[\/et_pb_text][\/et_pb_column][et_pb_column type=\u00bb1_2&#8243; _builder_version=\u00bb4.16&#8243; global_colors_info=\u00bb{}\u00bb][et_pb_text admin_label=\u00bbPRESSE\u00bb _builder_version=\u00bb4.16&#8243; header_2_font=\u00bbMerriweather||||||||\u00bb header_2_text_color=\u00bb#ffffff\u00bb header_2_font_size=\u00bb15px\u00bb custom_padding=\u00bb||0px||false|false\u00bb border_color_bottom=\u00bb#e8e8e8&#8243; global_colors_info=\u00bb{}\u00bb]<\/p>\n<h2>PRENSA<\/h2>\n<p>[\/et_pb_text][et_pb_divider divider_weight=\u00bb3px\u00bb _builder_version=\u00bb4.16&#8243; width=\u00bb48px\u00bb module_alignment=\u00bbleft\u00bb custom_margin=\u00bb-1.2em||||false|false\u00bb custom_margin_tablet=\u00bb\u00bb custom_margin_phone=\u00bb-2em||||false|false\u00bb custom_margin_last_edited=\u00bbon|desktop\u00bb global_colors_info=\u00bb{}\u00bb][\/et_pb_divider][et_pb_text _builder_version=\u00bb4.19.5&#8243; link_text_color=\u00bb#bfbf00&#8243; ul_font=\u00bb||||||||\u00bb ul_text_align=\u00bbleft\u00bb ul_text_color=\u00bb#ffffff\u00bb ul_line_height=\u00bb1.3em\u00bb custom_margin=\u00bb-1em||||false|false\u00bb custom_padding=\u00bb|||5px|false|false\u00bb border_width_left=\u00bb4px\u00bb border_color_left=\u00bb#912727&#8243; global_colors_info=\u00bb{}\u00bb]<\/p>\n<ul>\n<li>Style Campagne, La Ferme aux 2 Tours Sofia Kacem (10\/2017)<\/li>\n<li>Food and Travel, That&#8217;s the Spirit Alex Mead (10\/2017)<\/li>\n<li>La D\u00e9p\u00eache, Parmi les meilleures chambres d&#8217;h\u00f4tes de France (01\/2017)<\/li>\n<li><a href=\"https:\/\/www.youtube.com\/watch?v=9rgMM47HmK4\" target=\"_blank\" rel=\"noopener noreferrer\"> Vid\u00e9o France 3 Midi \u00e0 la carte, Le poulet en crapaudine (08\/2016)<\/a><\/li>\n<li>Valeurs Actuelles, Tour de France des chambres d&#8217;h\u00f4tes (05\/2016)<\/li>\n<li><a href=\"https:\/\/france3-regions.francetvinfo.fr\/occitanie\/gers\/feuilleton-dans-le-gers-chambres-et-tables-d-hotes-ont-la-cote-34-786129.html\" target=\"_blank\" rel=\"noopener noreferrer\"> Vid\u00e9o France 3 R\u00e9gion, Feuilleton dans dans le Gers (09\/2015)<\/a><\/li>\n<li>Magazine Terre de Vins, Bonnes adresses pour vos vacances (04\/2015)<\/li>\n<li>T\u00e9l\u00e9matin France 2, Made in France, Marie-Dominique Perrin (10\/2014)<\/li>\n<li>Travel Channel Chinois, H\u00e9l\u00e8ne a cuisin\u00e9 avec le Chef du Ritz CarlTon de Beijing (02\/2014)<\/li>\n<li><a href=\"https:\/\/www.youtube.com\/watch?v=7j_8p_Ks5Fc\" target=\"_blank\" rel=\"noopener noreferrer\">Vid\u00e9o Les Carnets de Julie Andrieu, France 5 (26\/10\/2013)<\/a><\/li>\n<li>Chambres d&#8217;h\u00f4tes et H\u00f4tels d&#8217;exception par Marie- Dominique Perrin (05\/2014)<\/li>\n<li>Vivre en Armagnac Les int\u00e9rieurs des plus belles demeures viticoles, Genevi\u00e8ve et Daniel Rey (04\/2014)<\/li>\n<li>Sud-ouest Mag Guide de l&#8217;\u00c9t\u00e9, l\u2019Art de Vivre Gascon (06\/2014)<\/li>\n<li>Sud-Ouest Mag, Guide de l&#8217;\u00c9t\u00e9, l\u2019Art de Vivre Gascon (06\/2014)<\/li>\n<\/ul>\n<p>[\/et_pb_text][\/et_pb_column][\/et_pb_row][et_pb_row _builder_version=\u00bb4.19.4&#8243; _module_preset=\u00bbdefault\u00bb custom_padding=\u00bb||0px||false|false\u00bb locked=\u00bboff\u00bb global_colors_info=\u00bb{}\u00bb][et_pb_column type=\u00bb4_4&#8243; _builder_version=\u00bb4.19.4&#8243; _module_preset=\u00bbdefault\u00bb global_colors_info=\u00bb{}\u00bb][et_pb_text admin_label=\u00bbPRESSE\u00bb _builder_version=\u00bb4.19.4&#8243; header_2_font=\u00bbMerriweather||||||||\u00bb header_2_text_align=\u00bbcenter\u00bb header_2_text_color=\u00bb#ffffff\u00bb header_2_font_size=\u00bb15px\u00bb custom_margin=\u00bb||2em||false|false\u00bb custom_padding=\u00bb||0px||false|false\u00bb border_color_bottom=\u00bb#e8e8e8&#8243; locked=\u00bboff\u00bb global_colors_info=\u00bb{}\u00bb]<\/p>\n<h2>PUBLICACIONES EN LAS QUE SE MENCIONA NUESTRA CASA DE HU\u00c9SPEDES<\/h2>\n<p>[\/et_pb_text][et_pb_divider divider_weight=\u00bb3px\u00bb _builder_version=\u00bb4.19.4&#8243; width=\u00bb48px\u00bb module_alignment=\u00bbcenter\u00bb custom_margin=\u00bb-1.2em||||false|false\u00bb custom_margin_tablet=\u00bb\u00bb custom_margin_phone=\u00bb-2em||||false|false\u00bb custom_margin_last_edited=\u00bbon|desktop\u00bb locked=\u00bboff\u00bb global_colors_info=\u00bb{}\u00bb][\/et_pb_divider][\/et_pb_column][\/et_pb_row][et_pb_row column_structure=\u00bb1_6,1_6,1_6,1_6,1_6,1_6&#8243; use_custom_gutter=\u00bbon\u00bb gutter_width=\u00bb2&#8243; _builder_version=\u00bb4.16&#8243; locked=\u00bboff\u00bb collapsed=\u00bboff\u00bb global_colors_info=\u00bb{}\u00bb][et_pb_column type=\u00bb1_6&#8243; _builder_version=\u00bb4.16&#8243; link_option_url_new_window=\u00bbon\u00bb global_colors_info=\u00bb{}\u00bb][et_pb_image src=\u00bbhttps:\/\/www.lesbruhasses.fr\/wp-content\/uploads\/2023\/03\/The-Times-March-4-2023.jpg\u00bb alt=\u00bbThe-Times-March-4-2023&#8243; title_text=\u00bbThe-Times-March-4-2023&#8243; url=\u00bbhttps:\/\/www.thetimes.co.uk\/article\/3174075e-3b6f-4a22-b818-766116b8c8d8?shareToken=6a356c8c56077de636d6b2be9f7eef25&#038;fbclid=IwAR3oIGa3V-AfJtNjQIcod4kbx3l6ikpAfSRDSoFRwVkrimB-NOQB_7u31-8&#8243; url_new_window=\u00bbon\u00bb use_overlay=\u00bbon\u00bb hover_overlay_color=\u00bbrgba(255,255,255,0.6)\u00bb align=\u00bbcenter\u00bb admin_label=\u00bbFOOD AND SENS\u00bb _builder_version=\u00bb4.20.0&#8243; global_colors_info=\u00bb{}\u00bb][\/et_pb_image][\/et_pb_column][et_pb_column type=\u00bb1_6&#8243; _builder_version=\u00bb4.16&#8243; link_option_url_new_window=\u00bbon\u00bb global_colors_info=\u00bb{}\u00bb][et_pb_image src=\u00bbhttps:\/\/www.lesbruhasses.fr\/wp-content\/uploads\/2023\/03\/Your-English-is-better-than-my-French-Eric-Kirchmann.png\u00bb alt=\u00bbYour English is better than my French-Eric Kirchmann\u00bb title_text=\u00bbYour English is better than my French-Eric Kirchmann\u00bb url_new_window=\u00bbon\u00bb align=\u00bbcenter\u00bb admin_label=\u00bbYour english is\u00bb _builder_version=\u00bb4.20.0&#8243; global_colors_info=\u00bb{}\u00bb][\/et_pb_image][\/et_pb_column][et_pb_column type=\u00bb1_6&#8243; _builder_version=\u00bb4.16&#8243; link_option_url_new_window=\u00bbon\u00bb global_colors_info=\u00bb{}\u00bb][et_pb_image src=\u00bbhttps:\/\/www.lesbruhasses.fr\/wp-content\/uploads\/2022\/09\/Magazine-Food-and-Sense-septembre-2022.jpg\u00bb alt=\u00bbMagazine Food and Sens &#8211; septembre 2022&#8243; title_text=\u00bbMagazine Food and Sens &#8211; septembre 2022&#8243; url=\u00bbhttps:\/\/www.lesbruhasses.fr\/wp-content\/uploads\/2022\/09\/Article-Table-dHotes-Les-Bruhasses-Magazine-Food-and-Sense-septembre-2022.pdf\u00bb url_new_window=\u00bbon\u00bb use_overlay=\u00bbon\u00bb hover_overlay_color=\u00bbrgba(255,255,255,0.6)\u00bb align=\u00bbcenter\u00bb admin_label=\u00bbFOOD AND SENS\u00bb _builder_version=\u00bb4.20.0&#8243; global_colors_info=\u00bb{}\u00bb][\/et_pb_image][\/et_pb_column][et_pb_column type=\u00bb1_6&#8243; _builder_version=\u00bb4.16&#8243; link_option_url_new_window=\u00bbon\u00bb global_colors_info=\u00bb{}\u00bb][et_pb_image src=\u00bbhttps:\/\/www.lesbruhasses.fr\/wp-content\/uploads\/2022\/09\/The-Times-septembre-2022.jpg\u00bb alt=\u00bbThe Times-septembre 2022&#8243; title_text=\u00bbThe Times-septembre 2022&#8243; url=\u00bbhttps:\/\/www.lesbruhasses.fr\/wp-content\/uploads\/2022\/09\/Article-The-Times-septembre-2022.pdf\u00bb url_new_window=\u00bbon\u00bb use_overlay=\u00bbon\u00bb hover_overlay_color=\u00bbrgba(255,255,255,0.6)\u00bb align=\u00bbcenter\u00bb admin_label=\u00bbTHE TIMES\u00bb _builder_version=\u00bb4.20.0&#8243; global_colors_info=\u00bb{}\u00bb][\/et_pb_image][\/et_pb_column][et_pb_column type=\u00bb1_6&#8243; _builder_version=\u00bb4.16&#8243; link_option_url_new_window=\u00bbon\u00bb global_colors_info=\u00bb{}\u00bb][et_pb_image src=\u00bbhttps:\/\/www.lesbruhasses.fr\/wp-content\/uploads\/2022\/09\/Magazine-LAuto-Journal-juillet-aout-septembre-2022.jpg\u00bb alt=\u00bbMagazine L&#8217;Auto-Journal-juillet-ao\u00fbt-septembre 2022&#8243; title_text=\u00bbMagazine L&#8217;Auto-Journal-juillet-ao\u00fbt-septembre 2022&#8243; url=\u00bbhttps:\/\/www.lesbruhasses.fr\/wp-content\/uploads\/2022\/09\/Article-Auto-Journal-juillet-aout-septembre-2022-Les-Bruhasses-Maison-dhotes-Condom-Gers.pdf\u00bb url_new_window=\u00bbon\u00bb use_overlay=\u00bbon\u00bb hover_overlay_color=\u00bbrgba(255,255,255,0.6)\u00bb align=\u00bbcenter\u00bb admin_label=\u00bbAUTO JOURNAL\u00bb _builder_version=\u00bb4.20.0&#8243; global_colors_info=\u00bb{}\u00bb][\/et_pb_image][\/et_pb_column][et_pb_column type=\u00bb1_6&#8243; _builder_version=\u00bb4.16&#8243; link_option_url_new_window=\u00bbon\u00bb global_colors_info=\u00bb{}\u00bb][et_pb_image src=\u00bbhttps:\/\/www.lesbruhasses.fr\/wp-content\/uploads\/2022\/04\/Midi-Depeche-avril-2022.jpg\u00bb alt=\u00bbTable d&#8217;H\u00f4tes en Occitanie, Midi Magazine, Avril 2022&#8243; title_text=\u00bbTable d&#8217;H\u00f4tes en Occitanie, Midi Magazine, Avril 2022&#8243; url=\u00bbhttps:\/\/www.lesbruhasses.fr\/wp-content\/uploads\/2022\/04\/Table-dhotes-Occitanie-Midi-Depeche-avril-2022.pdf\u00bb url_new_window=\u00bbon\u00bb use_overlay=\u00bbon\u00bb hover_overlay_color=\u00bbrgba(255,255,255,0.6)\u00bb align=\u00bbcenter\u00bb admin_label=\u00bbMIDI\u00bb _builder_version=\u00bb4.20.0&#8243; global_colors_info=\u00bb{}\u00bb][\/et_pb_image][\/et_pb_column][\/et_pb_row][et_pb_row column_structure=\u00bb1_6,1_6,1_6,1_6,1_6,1_6&#8243; use_custom_gutter=\u00bbon\u00bb gutter_width=\u00bb2&#8243; admin_label=\u00bbLigne\u00bb _builder_version=\u00bb4.16&#8243; custom_margin=\u00bb-3em||||false|false\u00bb locked=\u00bboff\u00bb collapsed=\u00bboff\u00bb global_colors_info=\u00bb{}\u00bb][et_pb_column type=\u00bb1_6&#8243; _builder_version=\u00bb4.16&#8243; link_option_url_new_window=\u00bbon\u00bb global_colors_info=\u00bb{}\u00bb][et_pb_image src=\u00bbhttps:\/\/www.lesbruhasses.fr\/wp-content\/uploads\/2022\/01\/The-Guardian-newspaper-septembre-2021.jpg\u00bb alt=\u00bbThe Guardian Newspaper-septembre 2021&#8243; title_text=\u00bbThe Guardian Newspaper-septembre 2021&#8243; url=\u00bbhttps:\/\/www.lesbruhasses.fr\/wp-content\/uploads\/2021\/09\/Article-The-Guardian-septembre-2021-Les-Bruhasses-Maison-dhotes-Condom-Gers.pdf\u00bb url_new_window=\u00bbon\u00bb use_overlay=\u00bbon\u00bb hover_overlay_color=\u00bbrgba(255,255,255,0.6)\u00bb align=\u00bbcenter\u00bb admin_label=\u00bbthe guardian\u00bb _builder_version=\u00bb4.20.0&#8243; global_colors_info=\u00bb{}\u00bb][\/et_pb_image][\/et_pb_column][et_pb_column type=\u00bb1_6&#8243; _builder_version=\u00bb4.16&#8243; link_option_url_new_window=\u00bbon\u00bb global_colors_info=\u00bb{}\u00bb][et_pb_image src=\u00bbhttps:\/\/www.lesbruhasses.fr\/wp-content\/uploads\/2022\/01\/The-Times-21-August-2021.jpg\u00bb alt=\u00bbThe Times- 21 August 2021&#8243; title_text=\u00bbThe Times- 21 August 2021&#8243; url=\u00bbhttps:\/\/www.lesbruhasses.fr\/wp-content\/uploads\/2021\/09\/Article-The-Times-aout-2021-Les-Bruhasses-Maison-dhotes-Condom-Gers.pdf\u00bb url_new_window=\u00bbon\u00bb use_overlay=\u00bbon\u00bb hover_overlay_color=\u00bbrgba(255,255,255,0.6)\u00bb align=\u00bbcenter\u00bb admin_label=\u00bbthe times\u00bb _builder_version=\u00bb4.20.0&#8243; global_colors_info=\u00bb{}\u00bb][\/et_pb_image][\/et_pb_column][et_pb_column type=\u00bb1_6&#8243; _builder_version=\u00bb4.18.0&#8243; _module_preset=\u00bbdefault\u00bb global_colors_info=\u00bb{}\u00bb][et_pb_image src=\u00bbhttps:\/\/www.lesbruhasses.fr\/wp-content\/uploads\/2022\/01\/magazine-cote-gers-2018.jpg\u00bb alt=\u00bbMagazine Cot\u00e9 Gers 2018&#8243; title_text=\u00bbMagazine Cot\u00e9 Gers 2018&#8243; url=\u00bbhttps:\/\/www.lesbruhasses.fr\/wp-content\/uploads\/2019\/12\/Gascogne-Cote-Gers-magazine-2018-Sur-la-route-des-bruhasses.pdf\u00bb url_new_window=\u00bbon\u00bb use_overlay=\u00bbon\u00bb hover_overlay_color=\u00bbrgba(255,255,255,0.6)\u00bb align=\u00bbcenter\u00bb admin_label=\u00bbMagazine Cot\u00e9 Gers 2018&#8243; _builder_version=\u00bb4.18.0&#8243; global_colors_info=\u00bb{}\u00bb][\/et_pb_image][\/et_pb_column][et_pb_column type=\u00bb1_6&#8243; _builder_version=\u00bb4.16&#8243; link_option_url_new_window=\u00bbon\u00bb global_colors_info=\u00bb{}\u00bb][et_pb_image src=\u00bbhttps:\/\/www.lesbruhasses.fr\/wp-content\/uploads\/2022\/01\/Magazine-Food-and-Travel.jpg\u00bb alt=\u00bbMagazine Food and Travel\u00bb title_text=\u00bbMagazine Food and Travel\u00bb url=\u00bbhttps:\/\/www.lesbruhasses.fr\/wp-content\/uploads\/2019\/12\/Food-and-Travel-magazine-octobre-2017.pdf\u00bb url_new_window=\u00bbon\u00bb use_overlay=\u00bbon\u00bb hover_overlay_color=\u00bbrgba(255,255,255,0.6)\u00bb align=\u00bbcenter\u00bb admin_label=\u00bbMagazine Food and Travel\u00bb _builder_version=\u00bb4.18.0&#8243; global_colors_info=\u00bb{}\u00bb][\/et_pb_image][\/et_pb_column][et_pb_column type=\u00bb1_6&#8243; _builder_version=\u00bb4.16&#8243; link_option_url_new_window=\u00bbon\u00bb global_colors_info=\u00bb{}\u00bb][et_pb_image src=\u00bbhttps:\/\/www.lesbruhasses.fr\/wp-content\/uploads\/2022\/01\/magazine-style-campagne-sept-oct-2017.jpg\u00bb alt=\u00bbMagazine Style Campagne- septembre octobre 2017&#8243; title_text=\u00bbMagazine Style Campagne- septembre octobre 2017&#8243; url=\u00bbhttps:\/\/www.lesbruhasses.fr\/wp-content\/uploads\/2019\/12\/Style-Campagne-magazine-sept-oct-2017.pdf\u00bb url_new_window=\u00bbon\u00bb use_overlay=\u00bbon\u00bb hover_overlay_color=\u00bbrgba(255,255,255,0.6)\u00bb align=\u00bbcenter\u00bb admin_label=\u00bbMagazine Style Campagne- septembre octobre 2017&#8243; _builder_version=\u00bb4.18.0&#8243; global_colors_info=\u00bb{}\u00bb][\/et_pb_image][\/et_pb_column][et_pb_column type=\u00bb1_6&#8243; _builder_version=\u00bb4.16&#8243; link_option_url_new_window=\u00bbon\u00bb global_colors_info=\u00bb{}\u00bb][et_pb_image src=\u00bbhttps:\/\/www.lesbruhasses.fr\/wp-content\/uploads\/2022\/04\/Revista-VIAJAR-Les-Bruhasses-Encantadora-casa-de-huespedes-y-habitaciones.-Condon-Gers.jpg\u00bb alt=\u00bbViajar, Espagne, Mai 2020&#8243; title_text=\u00bbViajar, Espagne, Mai 2020&#8243; url=\u00bbhttps:\/\/www.lesbruhasses.fr\/wp-content\/uploads\/2022\/04\/Articulo-de-revista-VIAJAR-Les-Bruhasses-Encantadora-casa-de-huespedes-y-habitaciones.-Condon-Gers.pdf\u00bb url_new_window=\u00bbon\u00bb use_overlay=\u00bbon\u00bb hover_overlay_color=\u00bbrgba(255,255,255,0.6)\u00bb align=\u00bbcenter\u00bb admin_label=\u00bbviajar\u00bb _builder_version=\u00bb4.20.0&#8243; global_colors_info=\u00bb{}\u00bb][\/et_pb_image][\/et_pb_column][\/et_pb_row][et_pb_row column_structure=\u00bb1_6,1_6,1_6,1_6,1_6,1_6&#8243; use_custom_gutter=\u00bbon\u00bb gutter_width=\u00bb2&#8243; _builder_version=\u00bb4.16&#8243; custom_margin=\u00bb-3em||||false|false\u00bb locked=\u00bboff\u00bb collapsed=\u00bboff\u00bb global_colors_info=\u00bb{}\u00bb][et_pb_column type=\u00bb1_6&#8243; _builder_version=\u00bb4.16&#8243; link_option_url_new_window=\u00bbon\u00bb global_colors_info=\u00bb{}\u00bb][et_pb_image src=\u00bbhttps:\/\/www.lesbruhasses.fr\/wp-content\/uploads\/2022\/01\/Les-carnets-de-Julie-Tome-2.jpg\u00bb alt=\u00bbLes carnets de Julie-Tome 2&#8243; title_text=\u00bbLes carnets de Julie-Tome 2&#8243; url=\u00bbhttps:\/\/www.lesbruhasses.fr\/wp-content\/uploads\/2019\/12\/lalicuit-dHelene-Julie-Andrieu-Les-Bruhasses-Maison-hotes-de-chame-dans-le-Gers.pdf\u00bb url_new_window=\u00bbon\u00bb use_overlay=\u00bbon\u00bb hover_overlay_color=\u00bbrgba(255,255,255,0.6)\u00bb align=\u00bbcenter\u00bb _builder_version=\u00bb4.18.0&#8243; global_colors_info=\u00bb{}\u00bb][\/et_pb_image][\/et_pb_column][et_pb_column type=\u00bb1_6&#8243; _builder_version=\u00bb4.16&#8243; link_option_url_new_window=\u00bbon\u00bb global_colors_info=\u00bb{}\u00bb][et_pb_image src=\u00bbhttps:\/\/www.lesbruhasses.fr\/wp-content\/uploads\/2022\/01\/Le-figaro-magazine-avril-2014.jpg\u00bb alt=\u00bbLe Figaro magazine avril 2014&#8243; title_text=\u00bbLe Figaro magazine avril 2014&#8243; url=\u00bbhttps:\/\/www.lesbruhasses.fr\/wp-content\/uploads\/2019\/12\/Figaro-magazine-2014-Les-Bruhasses.pdf\u00bb url_new_window=\u00bbon\u00bb use_overlay=\u00bbon\u00bb hover_overlay_color=\u00bbrgba(255,255,255,0.6)\u00bb align=\u00bbcenter\u00bb admin_label=\u00bbLe Figaro magazine avril 2014&#8243; _builder_version=\u00bb4.18.0&#8243; global_colors_info=\u00bb{}\u00bb][\/et_pb_image][\/et_pb_column][et_pb_column type=\u00bb1_6&#8243; _builder_version=\u00bb4.16&#8243; link_option_url_new_window=\u00bbon\u00bb global_colors_info=\u00bb{}\u00bb][et_pb_image src=\u00bbhttps:\/\/www.lesbruhasses.fr\/wp-content\/uploads\/2022\/01\/couverture-Sud-Ouest-Le-mag-decembre-2014-Les-Bruhasses-Gers.jpg\u00bb alt=\u00bbSud Ouest-Le mag-d\u00e9cembre 2014&#8243; title_text=\u00bbSud Ouest-Le mag-d\u00e9cembre 2014&#8243; url=\u00bbhttps:\/\/www.lesbruhasses.fr\/wp-content\/uploads\/2019\/12\/Article-dans-Sud-Ouest-Le-mag-d\u00e9cembre-2014-Les-Bruhasses-Maison-hotes-de-charme-Gers.pdf\u00bb url_new_window=\u00bbon\u00bb use_overlay=\u00bbon\u00bb hover_overlay_color=\u00bbrgba(255,255,255,0.6)\u00bb align=\u00bbcenter\u00bb admin_label=\u00bbSud Ouest-Le mag-d\u00e9cembre 2014&#8243; _builder_version=\u00bb4.18.0&#8243; global_colors_info=\u00bb{}\u00bb][\/et_pb_image][\/et_pb_column][et_pb_column type=\u00bb1_6&#8243; _builder_version=\u00bb4.16&#8243; link_option_url_new_window=\u00bbon\u00bb global_colors_info=\u00bb{}\u00bb][et_pb_image src=\u00bbhttps:\/\/www.lesbruhasses.fr\/wp-content\/uploads\/2022\/01\/Chambres-hotes-et-hotels-exception-M-D-Perrin-Hachette.jpg\u00bb alt=\u00bbChambres d&#8217;hotes et hotels d&#8217;exception-M-D Perrin-Hachette\u00bb title_text=\u00bbChambres d&#8217;hotes et hotels d&#8217;exception-M-D Perrin-Hachette\u00bb url=\u00bbhttps:\/\/www.lesbruhasses.fr\/wp-content\/uploads\/2019\/12\/Article-sur-les-Bruhasses-dans-le-Gers-dans-le-livre-Chambres-hotes-et-hotels-exception-Marie-Dominique-Perrin-Hachette.pdf\u00bb url_new_window=\u00bbon\u00bb use_overlay=\u00bbon\u00bb hover_overlay_color=\u00bbrgba(255,255,255,0.6)\u00bb align=\u00bbcenter\u00bb admin_label=\u00bbChambres d&#8217;hotes et hotels d&#8217;exception-M-D Perrin-Hachette\u00bb _builder_version=\u00bb4.18.0&#8243; global_colors_info=\u00bb{}\u00bb][\/et_pb_image][\/et_pb_column][et_pb_column type=\u00bb1_6&#8243; _builder_version=\u00bb4.16&#8243; link_option_url_new_window=\u00bbon\u00bb global_colors_info=\u00bb{}\u00bb][et_pb_image src=\u00bbhttps:\/\/www.lesbruhasses.fr\/wp-content\/uploads\/2022\/01\/Magazine-terre-de-vins.jpg\u00bb alt=\u00bbMagazine Terre de Vins\u00bb title_text=\u00bbMagazine Terre de Vins\u00bb url=\u00bbhttps:\/\/www.lesbruhasses.fr\/wp-content\/uploads\/2019\/12\/Terre-de-vins-magazine-2015.pdf\u00bb url_new_window=\u00bbon\u00bb use_overlay=\u00bbon\u00bb hover_overlay_color=\u00bbrgba(255,255,255,0.6)\u00bb align=\u00bbcenter\u00bb _builder_version=\u00bb4.18.0&#8243; global_colors_info=\u00bb{}\u00bb][\/et_pb_image][\/et_pb_column][et_pb_column type=\u00bb1_6&#8243; _builder_version=\u00bb4.16&#8243; link_option_url_new_window=\u00bbon\u00bb global_colors_info=\u00bb{}\u00bb][\/et_pb_column][\/et_pb_row][et_pb_row _builder_version=\u00bb4.16&#8243; custom_margin=\u00bb||-5em||false|false\u00bb custom_margin_tablet=\u00bb\u00bb custom_margin_phone=\u00bb\u00bb custom_margin_last_edited=\u00bbon|phone\u00bb collapsed=\u00bboff\u00bb global_colors_info=\u00bb{}\u00bb][et_pb_column type=\u00bb4_4&#8243; _builder_version=\u00bb4.16&#8243; global_colors_info=\u00bb{}\u00bb][et_pb_image src=\u00bbhttps:\/\/www.lesbruhasses.fr\/es\/wp-content\/uploads\/sites\/3\/2023\/01\/Logo-footer-les-Bruhasses-Maison-dhotes-de-charme-Gers.png\u00bb title_text=\u00bbLogo footer les Bruhasses-Maison d&#8217;h\u00f4tes de charme-Gers\u00bb url_new_window=\u00bbon\u00bb show_bottom_space=\u00bboff\u00bb align=\u00bbcenter\u00bb _builder_version=\u00bb4.19.4&#8243; custom_padding=\u00bb||2em||false|false\u00bb global_colors_info=\u00bb{}\u00bb][\/et_pb_image][\/et_pb_column][\/et_pb_row][\/et_pb_section]<\/p>\n","protected":false},"excerpt":{"rendered":"<p>Mesa de hu\u00e9spedes en la finca de Les BruhassesMesa de hu\u00e9spedes vuelve a abrir de 2 a 3 veces por semana. M\u00ednimo 8 hu\u00e9spedes.Favorecemos los productos locales y de nuestra huerta.Tambi\u00e9n puedes comer en Les Bruhasses ya que te proporcionamos cubiertos, vasos, nevera, microondas, etc &#8230; Productores y mercados locales est\u00e1n cerca.Hospitalidad gascona Hija de [&hellip;]<\/p>\n","protected":false},"author":1,"featured_media":422,"parent":0,"menu_order":0,"comment_status":"closed","ping_status":"closed","template":"","meta":{"_et_pb_use_builder":"on","_et_pb_old_content":"","_et_gb_content_width":"","footnotes":""},"class_list":["post-51","page","type-page","status-publish","has-post-thumbnail","hentry"],"yoast_head":"<!-- This site is optimized with the Yoast SEO plugin v26.8 - https:\/\/yoast.com\/product\/yoast-seo-wordpress\/ -->\n<title>Mesa de hu\u00e9spedes gourmet en el Gers - Les Bruhasses | Hotel con encanto y habitaciones. Cond\u00f3n Gers<\/title>\n<meta name=\"description\" content=\"Por la noche se sirve una excepcional table d&#039;h\u00f4tes previa reserva en la encantadora casa de hu\u00e9spedes Les Bruhasses. Cama y desayuno en Cond\u00f3n en el Gers.\" \/>\n<meta name=\"robots\" content=\"index, follow, max-snippet:-1, max-image-preview:large, max-video-preview:-1\" \/>\n<link rel=\"canonical\" href=\"https:\/\/www.lesbruhasses.fr\/es\/mesa-de-huespedes-gourmet-en-el-gers\/\" \/>\n<meta property=\"og:locale\" content=\"es_ES\" \/>\n<meta property=\"og:type\" content=\"article\" \/>\n<meta property=\"og:title\" content=\"Mesa de hu\u00e9spedes gourmet en el Gers - Les Bruhasses | Hotel con encanto y habitaciones. Cond\u00f3n Gers\" \/>\n<meta property=\"og:description\" content=\"Por la noche se sirve una excepcional table d&#039;h\u00f4tes previa reserva en la encantadora casa de hu\u00e9spedes Les Bruhasses. Cama y desayuno en Cond\u00f3n en el Gers.\" \/>\n<meta property=\"og:url\" content=\"https:\/\/www.lesbruhasses.fr\/es\/mesa-de-huespedes-gourmet-en-el-gers\/\" \/>\n<meta property=\"og:site_name\" content=\"Les Bruhasses | Hotel con encanto y habitaciones. Cond\u00f3n Gers\" \/>\n<meta property=\"article:modified_time\" content=\"2025-01-10T17:38:49+00:00\" \/>\n<meta property=\"og:image\" content=\"https:\/\/www.lesbruhasses.fr\/es\/wp-content\/uploads\/sites\/3\/2022\/01\/Table-dhotes-Les-Bruhasses-Maison-dhotes-de-charme-Condom-Gers.jpg\" \/>\n\t<meta property=\"og:image:width\" content=\"1920\" \/>\n\t<meta property=\"og:image:height\" content=\"1080\" \/>\n\t<meta property=\"og:image:type\" content=\"image\/jpeg\" \/>\n<meta name=\"twitter:card\" content=\"summary_large_image\" \/>\n<meta name=\"twitter:label1\" content=\"Tiempo de lectura\" \/>\n\t<meta name=\"twitter:data1\" content=\"18 minutos\" \/>\n<script type=\"application\/ld+json\" class=\"yoast-schema-graph\">{\"@context\":\"https:\/\/schema.org\",\"@graph\":[{\"@type\":\"WebPage\",\"@id\":\"https:\/\/www.lesbruhasses.fr\/es\/mesa-de-huespedes-gourmet-en-el-gers\/\",\"url\":\"https:\/\/www.lesbruhasses.fr\/es\/mesa-de-huespedes-gourmet-en-el-gers\/\",\"name\":\"Mesa de hu\u00e9spedes gourmet en el Gers - Les Bruhasses | Hotel con encanto y habitaciones. Cond\u00f3n Gers\",\"isPartOf\":{\"@id\":\"https:\/\/www.lesbruhasses.fr\/es\/#website\"},\"primaryImageOfPage\":{\"@id\":\"https:\/\/www.lesbruhasses.fr\/es\/mesa-de-huespedes-gourmet-en-el-gers\/#primaryimage\"},\"image\":{\"@id\":\"https:\/\/www.lesbruhasses.fr\/es\/mesa-de-huespedes-gourmet-en-el-gers\/#primaryimage\"},\"thumbnailUrl\":\"https:\/\/www.lesbruhasses.fr\/es\/wp-content\/uploads\/sites\/3\/2022\/01\/Table-dhotes-Les-Bruhasses-Maison-dhotes-de-charme-Condom-Gers.jpg\",\"datePublished\":\"2022-01-05T17:14:39+00:00\",\"dateModified\":\"2025-01-10T17:38:49+00:00\",\"description\":\"Por la noche se sirve una excepcional table d'h\u00f4tes previa reserva en la encantadora casa de hu\u00e9spedes Les Bruhasses. Cama y desayuno en Cond\u00f3n en el Gers.\",\"breadcrumb\":{\"@id\":\"https:\/\/www.lesbruhasses.fr\/es\/mesa-de-huespedes-gourmet-en-el-gers\/#breadcrumb\"},\"inLanguage\":\"es\",\"potentialAction\":[{\"@type\":\"ReadAction\",\"target\":[\"https:\/\/www.lesbruhasses.fr\/es\/mesa-de-huespedes-gourmet-en-el-gers\/\"]}]},{\"@type\":\"ImageObject\",\"inLanguage\":\"es\",\"@id\":\"https:\/\/www.lesbruhasses.fr\/es\/mesa-de-huespedes-gourmet-en-el-gers\/#primaryimage\",\"url\":\"https:\/\/www.lesbruhasses.fr\/es\/wp-content\/uploads\/sites\/3\/2022\/01\/Table-dhotes-Les-Bruhasses-Maison-dhotes-de-charme-Condom-Gers.jpg\",\"contentUrl\":\"https:\/\/www.lesbruhasses.fr\/es\/wp-content\/uploads\/sites\/3\/2022\/01\/Table-dhotes-Les-Bruhasses-Maison-dhotes-de-charme-Condom-Gers.jpg\",\"width\":1920,\"height\":1080},{\"@type\":\"BreadcrumbList\",\"@id\":\"https:\/\/www.lesbruhasses.fr\/es\/mesa-de-huespedes-gourmet-en-el-gers\/#breadcrumb\",\"itemListElement\":[{\"@type\":\"ListItem\",\"position\":1,\"name\":\"Accueil\",\"item\":\"https:\/\/www.lesbruhasses.fr\/es\/\"},{\"@type\":\"ListItem\",\"position\":2,\"name\":\"Mesa de hu\u00e9spedes gourmet en el Gers\"}]},{\"@type\":\"WebSite\",\"@id\":\"https:\/\/www.lesbruhasses.fr\/es\/#website\",\"url\":\"https:\/\/www.lesbruhasses.fr\/es\/\",\"name\":\"Les Bruhasses | Hotel con encanto y habitaciones. Cond\u00f3n Gers\",\"description\":\"\",\"potentialAction\":[{\"@type\":\"SearchAction\",\"target\":{\"@type\":\"EntryPoint\",\"urlTemplate\":\"https:\/\/www.lesbruhasses.fr\/es\/?s={search_term_string}\"},\"query-input\":{\"@type\":\"PropertyValueSpecification\",\"valueRequired\":true,\"valueName\":\"search_term_string\"}}],\"inLanguage\":\"es\"}]}<\/script>\n<!-- \/ Yoast SEO plugin. -->","yoast_head_json":{"title":"Mesa de hu\u00e9spedes gourmet en el Gers - Les Bruhasses | Hotel con encanto y habitaciones. Cond\u00f3n Gers","description":"Por la noche se sirve una excepcional table d'h\u00f4tes previa reserva en la encantadora casa de hu\u00e9spedes Les Bruhasses. Cama y desayuno en Cond\u00f3n en el Gers.","robots":{"index":"index","follow":"follow","max-snippet":"max-snippet:-1","max-image-preview":"max-image-preview:large","max-video-preview":"max-video-preview:-1"},"canonical":"https:\/\/www.lesbruhasses.fr\/es\/mesa-de-huespedes-gourmet-en-el-gers\/","og_locale":"es_ES","og_type":"article","og_title":"Mesa de hu\u00e9spedes gourmet en el Gers - Les Bruhasses | Hotel con encanto y habitaciones. Cond\u00f3n Gers","og_description":"Por la noche se sirve una excepcional table d'h\u00f4tes previa reserva en la encantadora casa de hu\u00e9spedes Les Bruhasses. Cama y desayuno en Cond\u00f3n en el Gers.","og_url":"https:\/\/www.lesbruhasses.fr\/es\/mesa-de-huespedes-gourmet-en-el-gers\/","og_site_name":"Les Bruhasses | Hotel con encanto y habitaciones. Cond\u00f3n Gers","article_modified_time":"2025-01-10T17:38:49+00:00","og_image":[{"width":1920,"height":1080,"url":"https:\/\/www.lesbruhasses.fr\/es\/wp-content\/uploads\/sites\/3\/2022\/01\/Table-dhotes-Les-Bruhasses-Maison-dhotes-de-charme-Condom-Gers.jpg","type":"image\/jpeg"}],"twitter_card":"summary_large_image","twitter_misc":{"Tiempo de lectura":"18 minutos"},"schema":{"@context":"https:\/\/schema.org","@graph":[{"@type":"WebPage","@id":"https:\/\/www.lesbruhasses.fr\/es\/mesa-de-huespedes-gourmet-en-el-gers\/","url":"https:\/\/www.lesbruhasses.fr\/es\/mesa-de-huespedes-gourmet-en-el-gers\/","name":"Mesa de hu\u00e9spedes gourmet en el Gers - Les Bruhasses | Hotel con encanto y habitaciones. Cond\u00f3n Gers","isPartOf":{"@id":"https:\/\/www.lesbruhasses.fr\/es\/#website"},"primaryImageOfPage":{"@id":"https:\/\/www.lesbruhasses.fr\/es\/mesa-de-huespedes-gourmet-en-el-gers\/#primaryimage"},"image":{"@id":"https:\/\/www.lesbruhasses.fr\/es\/mesa-de-huespedes-gourmet-en-el-gers\/#primaryimage"},"thumbnailUrl":"https:\/\/www.lesbruhasses.fr\/es\/wp-content\/uploads\/sites\/3\/2022\/01\/Table-dhotes-Les-Bruhasses-Maison-dhotes-de-charme-Condom-Gers.jpg","datePublished":"2022-01-05T17:14:39+00:00","dateModified":"2025-01-10T17:38:49+00:00","description":"Por la noche se sirve una excepcional table d'h\u00f4tes previa reserva en la encantadora casa de hu\u00e9spedes Les Bruhasses. Cama y desayuno en Cond\u00f3n en el Gers.","breadcrumb":{"@id":"https:\/\/www.lesbruhasses.fr\/es\/mesa-de-huespedes-gourmet-en-el-gers\/#breadcrumb"},"inLanguage":"es","potentialAction":[{"@type":"ReadAction","target":["https:\/\/www.lesbruhasses.fr\/es\/mesa-de-huespedes-gourmet-en-el-gers\/"]}]},{"@type":"ImageObject","inLanguage":"es","@id":"https:\/\/www.lesbruhasses.fr\/es\/mesa-de-huespedes-gourmet-en-el-gers\/#primaryimage","url":"https:\/\/www.lesbruhasses.fr\/es\/wp-content\/uploads\/sites\/3\/2022\/01\/Table-dhotes-Les-Bruhasses-Maison-dhotes-de-charme-Condom-Gers.jpg","contentUrl":"https:\/\/www.lesbruhasses.fr\/es\/wp-content\/uploads\/sites\/3\/2022\/01\/Table-dhotes-Les-Bruhasses-Maison-dhotes-de-charme-Condom-Gers.jpg","width":1920,"height":1080},{"@type":"BreadcrumbList","@id":"https:\/\/www.lesbruhasses.fr\/es\/mesa-de-huespedes-gourmet-en-el-gers\/#breadcrumb","itemListElement":[{"@type":"ListItem","position":1,"name":"Accueil","item":"https:\/\/www.lesbruhasses.fr\/es\/"},{"@type":"ListItem","position":2,"name":"Mesa de hu\u00e9spedes gourmet en el Gers"}]},{"@type":"WebSite","@id":"https:\/\/www.lesbruhasses.fr\/es\/#website","url":"https:\/\/www.lesbruhasses.fr\/es\/","name":"Les Bruhasses | Hotel con encanto y habitaciones. Cond\u00f3n Gers","description":"","potentialAction":[{"@type":"SearchAction","target":{"@type":"EntryPoint","urlTemplate":"https:\/\/www.lesbruhasses.fr\/es\/?s={search_term_string}"},"query-input":{"@type":"PropertyValueSpecification","valueRequired":true,"valueName":"search_term_string"}}],"inLanguage":"es"}]}},"_links":{"self":[{"href":"https:\/\/www.lesbruhasses.fr\/es\/wp-json\/wp\/v2\/pages\/51","targetHints":{"allow":["GET"]}}],"collection":[{"href":"https:\/\/www.lesbruhasses.fr\/es\/wp-json\/wp\/v2\/pages"}],"about":[{"href":"https:\/\/www.lesbruhasses.fr\/es\/wp-json\/wp\/v2\/types\/page"}],"author":[{"embeddable":true,"href":"https:\/\/www.lesbruhasses.fr\/es\/wp-json\/wp\/v2\/users\/1"}],"replies":[{"embeddable":true,"href":"https:\/\/www.lesbruhasses.fr\/es\/wp-json\/wp\/v2\/comments?post=51"}],"version-history":[{"count":21,"href":"https:\/\/www.lesbruhasses.fr\/es\/wp-json\/wp\/v2\/pages\/51\/revisions"}],"predecessor-version":[{"id":986,"href":"https:\/\/www.lesbruhasses.fr\/es\/wp-json\/wp\/v2\/pages\/51\/revisions\/986"}],"wp:featuredmedia":[{"embeddable":true,"href":"https:\/\/www.lesbruhasses.fr\/es\/wp-json\/wp\/v2\/media\/422"}],"wp:attachment":[{"href":"https:\/\/www.lesbruhasses.fr\/es\/wp-json\/wp\/v2\/media?parent=51"}],"curies":[{"name":"wp","href":"https:\/\/api.w.org\/{rel}","templated":true}]}}