{"id":60,"date":"2022-01-05T18:50:04","date_gmt":"2022-01-05T17:50:04","guid":{"rendered":"https:\/\/www.lesbruhasses.fr\/es\/?page_id=60"},"modified":"2026-01-19T13:43:17","modified_gmt":"2026-01-19T12:43:17","slug":"tarifas-2026-para-habitaciones","status":"publish","type":"page","link":"https:\/\/www.lesbruhasses.fr\/es\/tarifas-2026-para-habitaciones\/","title":{"rendered":"Tarifas 2026 para habitaciones"},"content":{"rendered":"<p>[et_pb_section fb_built=\u00bb1&#8243; fullwidth=\u00bbon\u00bb disabled_on=\u00bbon|off|off\u00bb _builder_version=\u00bb4.16&#8243; _module_preset=\u00bbdefault\u00bb background_image=\u00bbhttps:\/\/www.lesbruhasses.fr\/es\/wp-content\/uploads\/sites\/3\/2022\/01\/Tarifs-Chambres-et-suites-Les-Bruhasses-Maison-dhotes-de-charme-Table-dhotes-Condom-Gers.jpg\u00bb parallax=\u00bbon\u00bb parallax_method=\u00bboff\u00bb height=\u00bb95vh\u00bb locked=\u00bboff\u00bb global_colors_info=\u00bb{}\u00bb][\/et_pb_section][et_pb_section fb_built=\u00bb1&#8243; _builder_version=\u00bb4.21.0&#8243; background_image=\u00bbhttps:\/\/www.lesbruhasses.fr\/es\/wp-content\/uploads\/sites\/3\/2022\/01\/Tarifs-Chambres-et-suites-Les-Bruhasses-Maison-dhotes-de-charme-Table-dhotes-Condom-Gers-NB.jpg\u00bb parallax=\u00bbon\u00bb parallax_method=\u00bboff\u00bb custom_margin_tablet=\u00bb-3.5em||||false|false\u00bb custom_margin_phone=\u00bb0em||||false|false\u00bb custom_margin_last_edited=\u00bbon|phone\u00bb locked=\u00bboff\u00bb global_colors_info=\u00bb{}\u00bb][et_pb_row _builder_version=\u00bb4.16&#8243; custom_margin=\u00bb-2em||||false|false\u00bb custom_margin_tablet=\u00bb-3em||-4em||false|false\u00bb custom_margin_phone=\u00bb\u00bb custom_margin_last_edited=\u00bbon|tablet\u00bb global_colors_info=\u00bb{}\u00bb][et_pb_column type=\u00bb4_4&#8243; _builder_version=\u00bb4.16&#8243; global_colors_info=\u00bb{}\u00bb][et_pb_text _builder_version=\u00bb4.27.4&#8243; header_font=\u00bb|700|||||||\u00bb header_text_align=\u00bbcenter\u00bb header_font_size=\u00bb2.5em\u00bb header_line_height=\u00bb1.1em\u00bb text_orientation=\u00bbjustified\u00bb header_font_size_tablet=\u00bb2.5em\u00bb header_font_size_phone=\u00bb1.6em\u00bb header_font_size_last_edited=\u00bbon|phone\u00bb header_line_height_tablet=\u00bb1.1em\u00bb header_line_height_phone=\u00bb1.1em\u00bb header_line_height_last_edited=\u00bbon|phone\u00bb global_colors_info=\u00bb{}\u00bb]<\/p>\n<h1>Tarifas 2026 para habitaciones<\/h1>\n<p>[\/et_pb_text][et_pb_code _builder_version=\u00bb4.22.2&#8243; width_tablet=\u00bb\u00bb width_phone=\u00bb\u00bb width_last_edited=\u00bbon|phone\u00bb max_width_tablet=\u00bb\u00bb max_width_phone=\u00bb\u00bb max_width_last_edited=\u00bbon|phone\u00bb module_alignment=\u00bbcenter\u00bb global_colors_info=\u00bb{}\u00bb]\n<table id=\"tablepress-4\" class=\"tablepress tablepress-id-4\">\n<thead>\n<tr class=\"row-1\">\n\t<th class=\"column-1\">Habitaci\u00f3n<\/th><th class=\"column-2\">2026-2 personas<\/th>\n<\/tr>\n<\/thead>\n<tbody class=\"row-striping row-hover\">\n<tr class=\"row-2\">\n\t<td class=\"column-1\">Clair de Lune<\/td><td class=\"column-2\">109,00\u20ac<\/td>\n<\/tr>\n<tr class=\"row-3\">\n\t<td class=\"column-1\">Harmonie du Soir<\/td><td class=\"column-2\">109,00\u20ac<\/td>\n<\/tr>\n<tr class=\"row-4\">\n\t<td class=\"column-1\">Hymne au Soleil<\/td><td class=\"column-2\">119,00\u20ac<\/td>\n<\/tr>\n<tr class=\"row-5\">\n\t<td class=\"column-1\">Ballade en R\u00eave<\/td><td class=\"column-2\">119,00\u20ac<\/td>\n<\/tr>\n<tr class=\"row-6\">\n\t<td class=\"column-1\">Fleurs d'Aurore<\/td><td class=\"column-2\">114,00\u20ac<\/td>\n<\/tr>\n<tr class=\"row-7\">\n\t<td class=\"column-1\">Suite Fleurs d'Aurore<\/td><td class=\"column-2\">3 o 4 personas : 174,00\u20ac<\/td>\n<\/tr>\n<\/tbody>\n<\/table>\n<!-- #tablepress-4 from cache -->[\/et_pb_code][\/et_pb_column][\/et_pb_row][et_pb_row column_structure=\u00bb1_2,1_2&#8243; _builder_version=\u00bb4.16&#8243; custom_margin=\u00bb-2em||||false|false\u00bb global_colors_info=\u00bb{}\u00bb][et_pb_column type=\u00bb1_2&#8243; _builder_version=\u00bb4.16&#8243; global_colors_info=\u00bb{}\u00bb][et_pb_text admin_label=\u00bbpr\u00e9sentation\u00bb module_class=\u00bbtitle-style2&#8243; _builder_version=\u00bb4.16&#8243; header_2_font=\u00bbMerriweather||||||||\u00bb header_2_font_size=\u00bb15px\u00bb custom_margin=\u00bb1em||||false|false\u00bb custom_padding=\u00bb||0px||false|false\u00bb custom_padding_tablet=\u00bb\u00bb custom_padding_phone=\u00bb||||false|false\u00bb custom_padding_last_edited=\u00bbon|phone\u00bb border_width_bottom=\u00bb1px\u00bb border_color_bottom=\u00bb#e8e8e8&#8243; locked=\u00bboff\u00bb global_colors_info=\u00bb{}\u00bb]<\/p>\n<h2>Informaci\u00f3n adicional<\/h2>\n<p>[\/et_pb_text][et_pb_divider divider_weight=\u00bb3px\u00bb module_class=\u00bbseparat\u00bb _builder_version=\u00bb4.16&#8243; width=\u00bb48px\u00bb module_alignment=\u00bbleft\u00bb custom_margin=\u00bb||0px||false|false\u00bb custom_margin_tablet=\u00bb\u00bb custom_margin_phone=\u00bb-2em||||false|false\u00bb custom_margin_last_edited=\u00bbon|desktop\u00bb locked=\u00bboff\u00bb global_colors_info=\u00bb{}\u00bb][\/et_pb_divider][et_pb_text _builder_version=\u00bb4.27.4&#8243; header_4_text_align=\u00bbcenter\u00bb global_colors_info=\u00bb{}\u00bb]<\/p>\n<p>Periodo de apertura 2026: 01\/02\/2026 al 30\/11\/2026.<\/p>\n<ul>\n<li>Las tarifas son por una noche, desayuno incluido.<\/li>\n<li><span style=\"text-decoration: underline;\">Persona adicional<\/span>: 20,00 \u20ac \/noche\/persona.<\/li>\n<li>Impuesto tur\u00edstico 2024 : 1,08 euro\/persona.<\/li>\n<li><strong> Para cualquier estad\u00eda de 7 d\u00edas o m\u00e1s, puede beneficiarse de un 10% de descuento por noche en ocupaci\u00f3n doble si reserva directamente. <\/strong><\/li>\n<\/ul>\n<p>[\/et_pb_text][et_pb_text admin_label=\u00bbpr\u00e9sentation\u00bb module_class=\u00bbtitle-style2&#8243; _builder_version=\u00bb4.22.2&#8243; header_2_font=\u00bbMerriweather||||||||\u00bb header_2_font_size=\u00bb15px\u00bb custom_margin=\u00bb1em||||false|false\u00bb custom_padding=\u00bb||0px||false|false\u00bb custom_padding_tablet=\u00bb\u00bb custom_padding_phone=\u00bb||||false|false\u00bb custom_padding_last_edited=\u00bbon|phone\u00bb border_width_bottom=\u00bb1px\u00bb border_color_bottom=\u00bb#e8e8e8&#8243; locked=\u00bboff\u00bb global_colors_info=\u00bb{}\u00bb]<\/p>\n<h2>M\u00e9todos de pago aceptados<\/h2>\n<p>[\/et_pb_text][et_pb_divider divider_weight=\u00bb3px\u00bb module_class=\u00bbseparat\u00bb _builder_version=\u00bb4.16&#8243; width=\u00bb48px\u00bb module_alignment=\u00bbleft\u00bb custom_margin=\u00bb||0px||false|false\u00bb custom_margin_tablet=\u00bb\u00bb custom_margin_phone=\u00bb-2em||||false|false\u00bb custom_margin_last_edited=\u00bbon|desktop\u00bb locked=\u00bboff\u00bb global_colors_info=\u00bb{}\u00bb][\/et_pb_divider][et_pb_image src=\u00bbhttps:\/\/www.lesbruhasses.fr\/wp-content\/uploads\/2021\/12\/Mode-de-paiement-Les-Bruhasses.png\u00bb title_text=\u00bbMode de paiement &#8211; Les Bruhasses\u00bb _builder_version=\u00bb4.16&#8243; global_colors_info=\u00bb{}\u00bb][\/et_pb_image][et_pb_text _builder_version=\u00bb4.16&#8243; header_4_text_align=\u00bbcenter\u00bb locked=\u00bboff\u00bb global_colors_info=\u00bb{}\u00bb]<\/p>\n<p> M\u00e9todos de pago: Tarjeta de cr\u00e9dito \/ Cheques \/ Vales de vacaciones \/ Efectivo \/ Transferencias bancarias <\/p>\n<p>[\/et_pb_text][\/et_pb_column][et_pb_column type=\u00bb1_2&#8243; _builder_version=\u00bb4.16&#8243; global_colors_info=\u00bb{}\u00bb][et_pb_text admin_label=\u00bbpr\u00e9sentation\u00bb module_class=\u00bbtitle-style2&#8243; _builder_version=\u00bb4.14.4&#8243; header_2_font=\u00bbMerriweather||||||||\u00bb header_2_font_size=\u00bb15px\u00bb custom_padding=\u00bb||0px||false|false\u00bb custom_padding_tablet=\u00bb\u00bb custom_padding_phone=\u00bb||10px||false|false\u00bb custom_padding_last_edited=\u00bbon|phone\u00bb border_width_bottom=\u00bb1px\u00bb border_color_bottom=\u00bb#e8e8e8&#8243; global_module=\u00bb358&#8243; locked=\u00bboff\u00bb global_colors_info=\u00bb{}\u00bb]<\/p>\n<h2>Reservar directamente<\/h2>\n<p>[\/et_pb_text][et_pb_divider divider_weight=\u00bb3px\u00bb module_class=\u00bbseparat\u00bb _builder_version=\u00bb4.16&#8243; width=\u00bb48px\u00bb module_alignment=\u00bbleft\u00bb custom_margin=\u00bb||0px||false|false\u00bb custom_margin_tablet=\u00bb\u00bb custom_margin_phone=\u00bb-2em||||false|false\u00bb custom_margin_last_edited=\u00bbon|desktop\u00bb locked=\u00bboff\u00bb global_colors_info=\u00bb{}\u00bb][\/et_pb_divider][et_pb_code _builder_version=\u00bb4.16&#8243; custom_margin=\u00bb-2em||||false|false\u00bb global_colors_info=\u00bb{}\u00bb]<!-- [et_pb_line_break_holder] --><\/p>\n<div id=\"ConstellationWidgetContaineree177af4-50d9-448a-865b-97edc1683c61\" style=\"width:100%\" title=\"Maison d&#39;h\u00f4tes de charme Les Bruhasses\" data-id-projet='ee177af450d9448a865b97edc1683c61'>Cargando&#8230;<\/div>\n<p> <script type=\"text\/javascript\" src=\"https:\/\/reservation.elloha.com\/Scripts\/widget-loader.min.js?v=42\"><\/script> <script type=\"text\/javascript\">var constellationWidgetUrlee177af450d9448a865b97edc1683c61, constellationTypeModuleee177af450d9448a865b97edc1683c61; constellationWidgetUrlee177af450d9448a865b97edc1683c61 = 'https:\/\/reservation.elloha.com\/Widget\/BookingEngine\/ee177af4-50d9-448a-865b-97edc1683c61?idoi=61f1a7d2-dab6-4d56-bf83-f7d4d6e37dbb&culture=es-ES'; constellationTypeModuleee177af450d9448a865b97edc1683c61=1; constellationWidgetLoad('ConstellationWidgetContaineree177af4-50d9-448a-865b-97edc1683c61'); constellationWidgetAddEvent(window, \"resize\", function () { constellationWidgetSetAppearance('ConstellationWidgetContaineree177af4-50d9-448a-865b-97edc1683c61'); });<\/script>[\/et_pb_code][et_pb_text admin_label=\u00bbpr\u00e9sentation\u00bb module_class=\u00bbtitle-style2&#8243; _builder_version=\u00bb4.14.4&#8243; header_2_font=\u00bbMerriweather||||||||\u00bb header_2_font_size=\u00bb15px\u00bb custom_padding=\u00bb||0px||false|false\u00bb custom_padding_tablet=\u00bb\u00bb custom_padding_phone=\u00bb||10px||false|false\u00bb custom_padding_last_edited=\u00bbon|phone\u00bb border_width_bottom=\u00bb1px\u00bb border_color_bottom=\u00bb#e8e8e8&#8243; global_module=\u00bb357&#8243; locked=\u00bboff\u00bb global_colors_info=\u00bb{}\u00bb]<\/p>\n<h2>Reservar directamente con el propietario<\/h2>\n<p>[\/et_pb_text][et_pb_divider divider_weight=\u00bb3px\u00bb module_class=\u00bbseparat\u00bb _builder_version=\u00bb4.16&#8243; width=\u00bb48px\u00bb module_alignment=\u00bbleft\u00bb custom_margin=\u00bb||||false|false\u00bb custom_margin_tablet=\u00bb\u00bb custom_margin_phone=\u00bb-2em||||false|false\u00bb custom_margin_last_edited=\u00bbon|desktop\u00bb locked=\u00bboff\u00bb global_colors_info=\u00bb{}\u00bb][\/et_pb_divider][et_pb_text _builder_version=\u00bb4.16&#8243; header_text_align=\u00bbcenter\u00bb custom_margin=\u00bb-3vh||||false|false\u00bb locked=\u00bboff\u00bb global_colors_info=\u00bb{}\u00bb]<\/p>\n<p> Haga clic en las fotos de las habitaciones a continuaci\u00f3n para <a href=\"#dispo\"> acceder a la disponibilidad<\/a>.<\/p>\n<p>[\/et_pb_text][et_pb_blurb title=\u00bb+33 (0)5 62 68 38 35&#8243; use_icon=\u00bbon\u00bb font_icon=\u00bb&#xe090;||divi||400&#8243; icon_color=\u00bb#000000&#8243; icon_placement=\u00bbleft\u00bb image_icon_width=\u00bb20px\u00bb _builder_version=\u00bb4.16&#8243; header_font=\u00bbTrebuchet||||||||\u00bb header_text_align=\u00bbleft\u00bb header_font_size=\u00bb15px\u00bb custom_margin=\u00bb-1em||||false|false\u00bb animation=\u00bboff\u00bb link_option_url=\u00bbtel:+33562683835&#8243; icon_font_size=\u00bb20px\u00bb locked=\u00bboff\u00bb global_colors_info=\u00bb{}\u00bb][\/et_pb_blurb][et_pb_blurb title=\u00bb+33 (0)6 08 85 78 69&#8243; use_icon=\u00bbon\u00bb font_icon=\u00bb&#xe00b;||divi||400&#8243; icon_color=\u00bb#000000&#8243; icon_placement=\u00bbleft\u00bb image_icon_width=\u00bb20px\u00bb _builder_version=\u00bb4.16&#8243; header_font=\u00bbTrebuchet||||||||\u00bb header_text_align=\u00bbleft\u00bb header_font_size=\u00bb15px\u00bb custom_margin=\u00bb-1em||||false|false\u00bb animation=\u00bboff\u00bb link_option_url=\u00bbtel:+33608857869&#8243; icon_font_size=\u00bb20px\u00bb locked=\u00bboff\u00bb global_colors_info=\u00bb{}\u00bb][\/et_pb_blurb][et_pb_blurb title=\u00bbinfo@lesbruhasses.fr\u00bb use_icon=\u00bbon\u00bb font_icon=\u00bb&#xe010;||divi||400&#8243; icon_color=\u00bb#000000&#8243; icon_placement=\u00bbleft\u00bb image_icon_width=\u00bb20px\u00bb _builder_version=\u00bb4.16&#8243; header_font=\u00bbTrebuchet||||||||\u00bb header_text_align=\u00bbleft\u00bb header_font_size=\u00bb15px\u00bb custom_margin=\u00bb-1em||||false|false\u00bb animation=\u00bboff\u00bb link_option_url=\u00bbmailto:info@lesbruhasses.fr\u00bb icon_font_size=\u00bb20px\u00bb locked=\u00bboff\u00bb global_colors_info=\u00bb{}\u00bb][\/et_pb_blurb][et_pb_toggle title=\u00bbCondiciones de cancelaci\u00f3n\u00bb open_toggle_text_color=\u00bb#FFFFFF\u00bb open_toggle_background_color=\u00bb#912727&#8243; closed_toggle_text_color=\u00bb#FFFFFF\u00bb closed_toggle_background_color=\u00bb#912727&#8243; icon_color=\u00bb#ffffff\u00bb use_icon_font_size=\u00bbon\u00bb icon_font_size=\u00bb25px\u00bb open_icon_color=\u00bb#FFFFFF\u00bb open_use_icon_font_size=\u00bbon\u00bb open_icon_font_size=\u00bb25px\u00bb disabled_on=\u00bboff|off|off\u00bb _builder_version=\u00bb4.19.4&#8243; _module_preset=\u00bbdefault\u00bb title_text_color=\u00bb#FFFFFF\u00bb title_font=\u00bbTrebuchet|700|||||||\u00bb title_text_align=\u00bbcenter\u00bb title_font_size=\u00bb17px\u00bb title_line_height=\u00bb1.5em\u00bb closed_title_font=\u00bb||||||||\u00bb closed_title_text_align=\u00bbcenter\u00bb body_font=\u00bb|700|||||||\u00bb body_text_color=\u00bb#FFFFFF\u00bb module_alignment=\u00bbcenter\u00bb custom_margin=\u00bb-1rem||||false|false\u00bb custom_padding=\u00bb0.6em||0.6em||true|false\u00bb animation_style=\u00bbbounce\u00bb border_radii=\u00bbon|3px|3px|3px|3px\u00bb border_width_all=\u00bb3px\u00bb border_color_all=\u00bb#912727&#8243; global_module=\u00bb209&#8243; saved_tabs=\u00bball\u00bb locked=\u00bboff\u00bb global_colors_info=\u00bb{}\u00bb]<\/p>\n<p><em>El cliente puede cancelar su reserva sin cargo hasta 7 d\u00edas antes de su estancia. El dep\u00f3sito no ser\u00e1 reembolsado si se cancela dentro de los 7 d\u00edas anteriores a su estancia. Se otorgar\u00e1 una nota de cr\u00e9dito como compensaci\u00f3n. Si el cliente no se presenta o acorta su estancia, deber\u00e1 abonar el importe total de la reserva. El dep\u00f3sito es del 25% del importe total del precio de la estancia, con un m\u00ednimo de una noche por habitaci\u00f3n seleccionada. Ind\u00edquenos un n\u00famero de tarjeta de cr\u00e9dito. El importe del dep\u00f3sito se cargar\u00e1 en su tarjeta de cr\u00e9dito antes de su llegada. Llegada entre las 17:00 y las 19:00 horas. Salida entre las 8:00 am y las 11:00 am<\/em><\/p>\n<p>[\/et_pb_toggle][\/et_pb_column][\/et_pb_row][et_pb_row module_id=\u00bbdispo\u00bb _builder_version=\u00bb4.16&#8243; locked=\u00bboff\u00bb global_colors_info=\u00bb{}\u00bb][et_pb_column type=\u00bb4_4&#8243; _builder_version=\u00bb4.16&#8243; global_colors_info=\u00bb{}\u00bb][et_pb_text admin_label=\u00bbpr\u00e9sentation\u00bb module_class=\u00bbtitle-style2&#8243; _builder_version=\u00bb4.16&#8243; header_2_font=\u00bbMerriweather||||||||\u00bb header_2_font_size=\u00bb15px\u00bb custom_padding=\u00bb||0px||false|false\u00bb custom_padding_tablet=\u00bb\u00bb custom_padding_phone=\u00bb||||false|false\u00bb custom_padding_last_edited=\u00bbon|phone\u00bb border_width_bottom=\u00bb1px\u00bb border_color_bottom=\u00bb#e8e8e8&#8243; locked=\u00bboff\u00bb global_colors_info=\u00bb{}\u00bb]<\/p>\n<h2>Disponibilidad y detalles de suites y habitacionesh2>[\/et_pb_text][et_pb_divider divider_weight=\u00bb3px\u00bb module_class=\u00bbseparat\u00bb _builder_version=\u00bb4.16&#8243; width=\u00bb48px\u00bb module_alignment=\u00bbleft\u00bb custom_margin=\u00bb||||false|false\u00bb custom_margin_tablet=\u00bb\u00bb custom_margin_phone=\u00bb-2em||||false|false\u00bb custom_margin_last_edited=\u00bbon|desktop\u00bb locked=\u00bboff\u00bb global_colors_info=\u00bb{}\u00bb][\/et_pb_divider][et_pb_portfolio fullwidth=\u00bboff\u00bb include_categories=\u00bb9&#8243; show_categories=\u00bboff\u00bb show_pagination=\u00bboff\u00bb zoom_icon_color=\u00bbrgba(0,0,0,0)\u00bb hover_overlay_color=\u00bbrgba(255,255,255,0.2)\u00bb module_class=\u00bbthree-column-grid\u00bb _builder_version=\u00bb4.16&#8243; title_level=\u00bbh3&#8243; title_text_align=\u00bbleft\u00bb title_font_size=\u00bb15px\u00bb custom_margin=\u00bb-1em||||false|false\u00bb custom_margin_tablet=\u00bb-1em||||false|false\u00bb custom_margin_phone=\u00bb\u00bb custom_margin_last_edited=\u00bbon|desktop\u00bb global_colors_info=\u00bb{}\u00bb][\/et_pb_portfolio][\/et_pb_column][\/et_pb_row][et_pb_row _builder_version=\u00bb4.16&#8243; custom_margin=\u00bb-3em||||false|false\u00bb locked=\u00bboff\u00bb global_colors_info=\u00bb{}\u00bb][et_pb_column type=\u00bb4_4&#8243; _builder_version=\u00bb4.16&#8243; global_colors_info=\u00bb{}\u00bb][et_pb_text admin_label=\u00bbpr\u00e9sentation\u00bb module_class=\u00bbtitle-style2&#8243; _builder_version=\u00bb4.17.4&#8243; header_2_font=\u00bbMerriweather||||||||\u00bb header_2_font_size=\u00bb15px\u00bb custom_margin=\u00bb1em||||false|false\u00bb custom_padding=\u00bb||0px||false|false\u00bb custom_padding_tablet=\u00bb\u00bb custom_padding_phone=\u00bb||||false|false\u00bb custom_padding_last_edited=\u00bbon|phone\u00bb border_width_bottom=\u00bb1px\u00bb border_color_bottom=\u00bb#e8e8e8&#8243; locked=\u00bboff\u00bb global_colors_info=\u00bb{}\u00bb]<\/p>\n<h2>Mesa de hu\u00e9spedes<\/h2>\n<p>[\/et_pb_text][et_pb_divider divider_weight=\u00bb3px\u00bb module_class=\u00bbseparat\u00bb _builder_version=\u00bb4.16&#8243; width=\u00bb48px\u00bb module_alignment=\u00bbleft\u00bb custom_margin=\u00bb||0px||false|false\u00bb custom_margin_tablet=\u00bb\u00bb custom_margin_phone=\u00bb-2em||||false|false\u00bb custom_margin_last_edited=\u00bbon|desktop\u00bb locked=\u00bboff\u00bb global_colors_info=\u00bb{}\u00bb][\/et_pb_divider][\/et_pb_column][\/et_pb_row][et_pb_row column_structure=\u00bb1_2,1_2&#8243; _builder_version=\u00bb4.16&#8243; custom_margin=\u00bb-3em||||false|false\u00bb locked=\u00bboff\u00bb global_colors_info=\u00bb{}\u00bb][et_pb_column type=\u00bb1_2&#8243; _builder_version=\u00bb4.16&#8243; global_colors_info=\u00bb{}\u00bb][et_pb_text _builder_version=\u00bb4.27.4&#8243; header_text_align=\u00bbcenter\u00bb custom_margin=\u00bb||||false|false\u00bb locked=\u00bboff\u00bb global_colors_info=\u00bb{}\u00bb]<\/p>\n<p>Mesa de hu\u00e9spedes del mercado: 37,00 \u20ac<\/p>\n<ul>\n<li>Aperitivo, Vinos y Armagnac 2000 incluidos<\/li>\n<\/ul>\n<p>Ni\u00f1os 13\/17 a\u00f1os: 27,00\u20ac<\/p>\n<p>Ni\u00f1os 4\/12 a\u00f1os: 20,00\u20ac<\/p>\n<p>Aperitivo: 19.30 h \u2013 Cena: 20 h<\/p>\n<p>Cena seg\u00fan disponibilidad. <span style=\"text-decoration: underline;\">M\u00ednimo 8 hu\u00e9spedes.<\/span><\/p>\n<p>Por favor, aseg\u00farese de que su solicitud est\u00e9 confirmada.<\/p>\n<p>[\/et_pb_text][\/et_pb_column][et_pb_column type=\u00bb1_2&#8243; _builder_version=\u00bb4.16&#8243; global_colors_info=\u00bb{}\u00bb][et_pb_image src=\u00bbhttps:\/\/www.lesbruhasses.fr\/es\/wp-content\/uploads\/sites\/3\/2022\/01\/Table-dhotes-Les-Bruhasses-Maison-dhotes-de-charme-Condom-Gers-1.jpg\u00bb title_text=\u00bbTable d&#8217;hotes-Les Bruhasses-Maison d&#8217;hotes de charme-Condom-Gers\u00bb _builder_version=\u00bb4.16&#8243; global_colors_info=\u00bb{}\u00bb][\/et_pb_image][\/et_pb_column][\/et_pb_row][et_pb_row _builder_version=\u00bb4.16&#8243; custom_margin=\u00bb-3em||-2em||false|false\u00bb global_colors_info=\u00bb{}\u00bb][et_pb_column type=\u00bb4_4&#8243; _builder_version=\u00bb4.16&#8243; global_colors_info=\u00bb{}\u00bb][et_pb_text admin_label=\u00bbpr\u00e9sentation\u00bb module_class=\u00bbtitle-style2&#8243; _builder_version=\u00bb4.16&#8243; header_2_font=\u00bbMerriweather||||||||\u00bb header_2_font_size=\u00bb15px\u00bb custom_margin=\u00bb1em||||false|false\u00bb custom_padding=\u00bb||0px||false|false\u00bb custom_padding_tablet=\u00bb\u00bb custom_padding_phone=\u00bb||||false|false\u00bb custom_padding_last_edited=\u00bbon|phone\u00bb border_width_bottom=\u00bb1px\u00bb border_color_bottom=\u00bb#e8e8e8&#8243; locked=\u00bboff\u00bb global_colors_info=\u00bb{}\u00bb]<\/p>\n<h2>Observaciones generales<\/h2>\n<p>[\/et_pb_text][et_pb_divider divider_weight=\u00bb3px\u00bb module_class=\u00bbseparat\u00bb _builder_version=\u00bb4.16&#8243; width=\u00bb48px\u00bb module_alignment=\u00bbleft\u00bb custom_margin=\u00bb||0px||false|false\u00bb custom_margin_tablet=\u00bb\u00bb custom_margin_phone=\u00bb-2em||||false|false\u00bb custom_margin_last_edited=\u00bbon|desktop\u00bb locked=\u00bboff\u00bb global_colors_info=\u00bb{}\u00bb][\/et_pb_divider][et_pb_text _builder_version=\u00bb4.16&#8243; text_font=\u00bb|700|||||||\u00bb header_3_text_align=\u00bbcenter\u00bb header_3_line_height=\u00bb1.2em\u00bb header_4_text_align=\u00bbcenter\u00bb text_orientation=\u00bbjustified\u00bb width_tablet=\u00bb\u00bb width_phone=\u00bb\u00bb width_last_edited=\u00bbon|phone\u00bb module_alignment=\u00bbcenter\u00bb custom_margin=\u00bb||||false|false\u00bb global_colors_info=\u00bb{}\u00bb]<\/p>\n<p> Nuestra casa de hu\u00e9spedes no es un hotel y se define como un lugar de calma y serenidad, d\u00eda y noche. <\/p>\n<p>[\/et_pb_text][\/et_pb_column][\/et_pb_row][et_pb_row column_structure=\u00bb1_2,1_2&#8243; _builder_version=\u00bb4.16&#8243; global_colors_info=\u00bb{}\u00bb][et_pb_column type=\u00bb1_2&#8243; _builder_version=\u00bb4.16&#8243; global_colors_info=\u00bb{}\u00bb][et_pb_text _builder_version=\u00bb4.27.5&#8243; hover_enabled=\u00bb0&#8243; global_colors_info=\u00bb{}\u00bb sticky_enabled=\u00bb0&#8243;]<\/p>\n<ul>\n<li>Para cualquier reserva, nuestro establecimiento solicitar\u00e1 y cobrar\u00e1 en el momento de la reserva un dep\u00f3sito \/ prepago del 25% de la estancia con un m\u00ednimo de una noche por habitaci\u00f3n elegida.Tasa tur\u00edstica de 1,08 \u20ac \/ d\u00eda para mayores de 18 a\u00f1os. No incluido en el precio de la habitaci\u00f3n.<\/li>\n<li><strong> Las habitaciones son para no fumadores <\/strong>. Posibilidad de fumar en el jard\u00edn.<\/li>\n<li>Las llegadas son entre las 5:00 p.m. y las 7:00 p.m. No se aceptar\u00e1 llegada antes de las 5:00 p.m. o despu\u00e9s de las 7:00 p.m. sin acuerdo previo al menos 24 horas antes de su llegada. Debe notificarnos en caso de una demora.<\/li>\n<li>Las salidas son antes de las 11 a. m.<\/li>\n<li>Las personas de 18 a\u00f1os o menos deben estar supervisadas por un adulto durante su estancia.<\/li>\n<li>No se permitir\u00e1 la entrada a la propiedad a ninguna persona no residente sin un acuerdo previo con los propietarios.<\/li>\n<\/ul>\n<p>[\/et_pb_text][\/et_pb_column][et_pb_column type=\u00bb1_2&#8243; _builder_version=\u00bb4.16&#8243; global_colors_info=\u00bb{}\u00bb][et_pb_text _builder_version=\u00bb4.27.5&#8243; custom_margin=\u00bb||||false|false\u00bb custom_margin_tablet=\u00bb\u00bb custom_margin_phone=\u00bb-3em||||false|false\u00bb custom_margin_last_edited=\u00bbon|phone\u00bb hover_enabled=\u00bb0&#8243; global_colors_info=\u00bb{}\u00bb sticky_enabled=\u00bb0&#8243;]<\/p>\n<ul>\n<li><strong> No aceptamos mascotas. <\/strong><\/li>\n<li><strong> No se permiten fiestas. <\/strong><\/li>\n<li>Refrigerador, microondas, cafetera y tetera a su disposici\u00f3n.<\/li>\n<li>Lavadora: 3,00 \u20ac.<\/li>\n<li>Secadora: 3,00 \u20ac.<\/li>\n<li>Cuna de viaje sujeta a disponibilidad.<\/li>\n<li>Aparcamiento gratuito en el establecimiento.<\/li>\n<li>Carril bici y peatonal de 20 kms a 200 metros.<\/li>\n<li>Disponemos de internet de fibra \u00f3ptica y wifi en toda la casa (interior y exterior).<\/li>\n<\/ul>\n<p>[\/et_pb_text][\/et_pb_column][\/et_pb_row][\/et_pb_section][et_pb_section fb_built=\u00bb1&#8243; admin_label=\u00bbFOOTER\u00bb _builder_version=\u00bb4.0.9&#8243; background_color=\u00bb#423227&#8243; global_module=\u00bb16&#8243; saved_tabs=\u00bball\u00bb locked=\u00bboff\u00bb global_colors_info=\u00bb{}\u00bb][et_pb_row column_structure=\u00bb1_2,1_2&#8243; use_custom_gutter=\u00bbon\u00bb gutter_width=\u00bb2&#8243; _builder_version=\u00bb4.16&#8243; custom_margin=\u00bb-2em||||false|false\u00bb global_colors_info=\u00bb{}\u00bb][et_pb_column type=\u00bb1_2&#8243; _builder_version=\u00bb4.16&#8243; global_colors_info=\u00bb{}\u00bb][et_pb_text admin_label=\u00bbPRESSE\u00bb _builder_version=\u00bb4.17.4&#8243; header_2_font=\u00bbMerriweather||||||||\u00bb header_2_text_color=\u00bb#ffffff\u00bb header_2_font_size=\u00bb15px\u00bb custom_padding=\u00bb||0px||false|false\u00bb border_color_bottom=\u00bb#e8e8e8&#8243; global_colors_info=\u00bb{}\u00bb]<\/p>\n<h2>PRENSA<\/h2>\n<p>[\/et_pb_text][et_pb_divider divider_weight=\u00bb3px\u00bb _builder_version=\u00bb4.16&#8243; width=\u00bb48px\u00bb module_alignment=\u00bbleft\u00bb custom_margin=\u00bb-1.2em||||false|false\u00bb custom_margin_tablet=\u00bb\u00bb custom_margin_phone=\u00bb-2em||||false|false\u00bb custom_margin_last_edited=\u00bbon|desktop\u00bb global_colors_info=\u00bb{}\u00bb][\/et_pb_divider][et_pb_text admin_label=\u00bbTexte\u00bb _builder_version=\u00bb4.20.0&#8243; link_text_color=\u00bb#bfbf00&#8243; ul_font=\u00bb||||||||\u00bb ul_text_align=\u00bbleft\u00bb ul_text_color=\u00bb#ffffff\u00bb ul_line_height=\u00bb1.3em\u00bb custom_margin=\u00bb-1em||||false|false\u00bb custom_padding=\u00bb|||5px|false|false\u00bb border_width_left=\u00bb4px\u00bb border_color_left=\u00bb#912727&#8243; global_colors_info=\u00bb{}\u00bb]<\/p>\n<ul>\n<li>Your English is better than my French, Eric Kirchman (02\/2023)<\/li>\n<li><a href=\"https:\/\/www.lesbruhasses.fr\/wp-content\/uploads\/2022\/09\/Article-Table-dHotes-Les-Bruhasses-Magazine-Food-and-Sense-septembre-2022.pdf\" target=\"_blank\" rel=\"noopener\">Food &amp; Sens<\/a>, Automne 2022 (09\/2022)<\/li>\n<li><a href=\"https:\/\/www.lesbruhasses.fr\/wp-content\/uploads\/2022\/09\/Article-The-Times-septembre-2022.pdf\" target=\"_blank\" rel=\"noopener\">The Sunday Times<\/a>, Automne 2022 (09\/2022)<\/li>\n<li><a href=\"https:\/\/www.lesbruhasses.fr\/wp-content\/uploads\/2022\/09\/Article-Auto-Journal-juillet-aout-septembre-2022-Les-Bruhasses-Maison-dhotes-Condom-Gers.pdf\" target=\"_blank\" rel=\"noopener\">L&#8217;Auto-Journal<\/a>, \u00c9t\u00e9 2022 (07\/2022)<\/li>\n<li><a href=\"https:\/\/www.lesbruhasses.fr\/wp-content\/uploads\/2022\/04\/Table-dhotes-Occitanie-Midi-Depeche-avril-2022.pdf\" target=\"_blank\" rel=\"noopener\">Table d&#8217;h\u00f4tes en Occitanie, Midi Magazine<\/a> (04\/2022)<\/li>\n<li><a href=\"https:\/\/www.lesbruhasses.fr\/wp-content\/uploads\/2021\/09\/Article-The-Guardian-septembre-2021-Les-Bruhasses-Maison-dhotes-Condom-Gers.pdf\" target=\"_blank\" rel=\"noopener\">The Guardian Newspaper<\/a>, Londres (09\/2021)<\/li>\n<li><a href=\"https:\/\/www.lesbruhasses.fr\/wp-content\/uploads\/2021\/09\/Article-The-Times-aout-2021-Les-Bruhasses-Maison-dhotes-Condom-Gers.pdf\" target=\"_blank\" rel=\"noopener\">The Times Newspaper<\/a>, Travel Magazine, Londres (08\/2021)<\/li>\n<li><a href=\"https:\/\/www.lesadressesdemariedo.com\/2020\/09\/04\/au-hasard-des-vignobles\/\" target=\"_blank\" rel=\"noopener\">Les adresses de Marie-Dominique Perrin<\/a> &#8211; Automne, 2020<\/li>\n<li>Avis Booking.com : note 9,6<\/li>\n<li><a href=\"https:\/\/vimeo.com\/294090292\" target=\"_blank\" rel=\"noopener noreferrer\"> Vid\u00e9o Coucher de soleil \u00e0 la chambre d&#8217;h\u00f4tes les Bruhasses<\/a> (10\/2018)<\/li>\n<li><a href=\"https:\/\/www.youtube.com\/watch?v=oR_YBXL3jP0&amp;feature=youtu.be&amp;t=45\" target=\"_blank\" rel=\"noopener noreferrer\"> Vid\u00e9o G\u00eetes de France sur les Bruhasses<\/a> (09\/2017)<\/li>\n<li>C\u00f4t\u00e9 Gers, \u00c9t\u00e9 2018. Sur la route des Bruhasses<\/li>\n<li>La D\u00e9p\u00e8che, Les Bruhasses r\u00e9compens\u00e9s (01\/2018)<\/li>\n<li>The Bayer, Armagnac Spirit Neil Hennessy (12\/2017)<\/li>\n<\/ul>\n<p>[\/et_pb_text][\/et_pb_column][et_pb_column type=\u00bb1_2&#8243; _builder_version=\u00bb4.16&#8243; global_colors_info=\u00bb{}\u00bb][et_pb_text admin_label=\u00bbPRESSE\u00bb _builder_version=\u00bb4.16&#8243; header_2_font=\u00bbMerriweather||||||||\u00bb header_2_text_color=\u00bb#ffffff\u00bb header_2_font_size=\u00bb15px\u00bb custom_padding=\u00bb||0px||false|false\u00bb border_color_bottom=\u00bb#e8e8e8&#8243; global_colors_info=\u00bb{}\u00bb]<\/p>\n<h2>PRENSA<\/h2>\n<p>[\/et_pb_text][et_pb_divider divider_weight=\u00bb3px\u00bb _builder_version=\u00bb4.16&#8243; width=\u00bb48px\u00bb module_alignment=\u00bbleft\u00bb custom_margin=\u00bb-1.2em||||false|false\u00bb custom_margin_tablet=\u00bb\u00bb custom_margin_phone=\u00bb-2em||||false|false\u00bb custom_margin_last_edited=\u00bbon|desktop\u00bb global_colors_info=\u00bb{}\u00bb][\/et_pb_divider][et_pb_text _builder_version=\u00bb4.19.5&#8243; link_text_color=\u00bb#bfbf00&#8243; ul_font=\u00bb||||||||\u00bb ul_text_align=\u00bbleft\u00bb ul_text_color=\u00bb#ffffff\u00bb ul_line_height=\u00bb1.3em\u00bb custom_margin=\u00bb-1em||||false|false\u00bb custom_padding=\u00bb|||5px|false|false\u00bb border_width_left=\u00bb4px\u00bb border_color_left=\u00bb#912727&#8243; global_colors_info=\u00bb{}\u00bb]<\/p>\n<ul>\n<li>Style Campagne, La Ferme aux 2 Tours Sofia Kacem (10\/2017)<\/li>\n<li>Food and Travel, That&#8217;s the Spirit Alex Mead (10\/2017)<\/li>\n<li>La D\u00e9p\u00eache, Parmi les meilleures chambres d&#8217;h\u00f4tes de France (01\/2017)<\/li>\n<li><a href=\"https:\/\/www.youtube.com\/watch?v=9rgMM47HmK4\" target=\"_blank\" rel=\"noopener noreferrer\"> Vid\u00e9o France 3 Midi \u00e0 la carte, Le poulet en crapaudine (08\/2016)<\/a><\/li>\n<li>Valeurs Actuelles, Tour de France des chambres d&#8217;h\u00f4tes (05\/2016)<\/li>\n<li><a href=\"https:\/\/france3-regions.francetvinfo.fr\/occitanie\/gers\/feuilleton-dans-le-gers-chambres-et-tables-d-hotes-ont-la-cote-34-786129.html\" target=\"_blank\" rel=\"noopener noreferrer\"> Vid\u00e9o France 3 R\u00e9gion, Feuilleton dans dans le Gers (09\/2015)<\/a><\/li>\n<li>Magazine Terre de Vins, Bonnes adresses pour vos vacances (04\/2015)<\/li>\n<li>T\u00e9l\u00e9matin France 2, Made in France, Marie-Dominique Perrin (10\/2014)<\/li>\n<li>Travel Channel Chinois, H\u00e9l\u00e8ne a cuisin\u00e9 avec le Chef du Ritz CarlTon de Beijing (02\/2014)<\/li>\n<li><a href=\"https:\/\/www.youtube.com\/watch?v=7j_8p_Ks5Fc\" target=\"_blank\" rel=\"noopener noreferrer\">Vid\u00e9o Les Carnets de Julie Andrieu, France 5 (26\/10\/2013)<\/a><\/li>\n<li>Chambres d&#8217;h\u00f4tes et H\u00f4tels d&#8217;exception par Marie- Dominique Perrin (05\/2014)<\/li>\n<li>Vivre en Armagnac Les int\u00e9rieurs des plus belles demeures viticoles, Genevi\u00e8ve et Daniel Rey (04\/2014)<\/li>\n<li>Sud-ouest Mag Guide de l&#8217;\u00c9t\u00e9, l\u2019Art de Vivre Gascon (06\/2014)<\/li>\n<li>Sud-Ouest Mag, Guide de l&#8217;\u00c9t\u00e9, l\u2019Art de Vivre Gascon (06\/2014)<\/li>\n<\/ul>\n<p>[\/et_pb_text][\/et_pb_column][\/et_pb_row][et_pb_row _builder_version=\u00bb4.19.4&#8243; _module_preset=\u00bbdefault\u00bb custom_padding=\u00bb||0px||false|false\u00bb locked=\u00bboff\u00bb global_colors_info=\u00bb{}\u00bb][et_pb_column type=\u00bb4_4&#8243; _builder_version=\u00bb4.19.4&#8243; _module_preset=\u00bbdefault\u00bb global_colors_info=\u00bb{}\u00bb][et_pb_text admin_label=\u00bbPRESSE\u00bb _builder_version=\u00bb4.19.4&#8243; header_2_font=\u00bbMerriweather||||||||\u00bb header_2_text_align=\u00bbcenter\u00bb header_2_text_color=\u00bb#ffffff\u00bb header_2_font_size=\u00bb15px\u00bb custom_margin=\u00bb||2em||false|false\u00bb custom_padding=\u00bb||0px||false|false\u00bb border_color_bottom=\u00bb#e8e8e8&#8243; locked=\u00bboff\u00bb global_colors_info=\u00bb{}\u00bb]<\/p>\n<h2>PUBLICACIONES EN LAS QUE SE MENCIONA NUESTRA CASA DE HU\u00c9SPEDES<\/h2>\n<p>[\/et_pb_text][et_pb_divider divider_weight=\u00bb3px\u00bb _builder_version=\u00bb4.19.4&#8243; width=\u00bb48px\u00bb module_alignment=\u00bbcenter\u00bb custom_margin=\u00bb-1.2em||||false|false\u00bb custom_margin_tablet=\u00bb\u00bb custom_margin_phone=\u00bb-2em||||false|false\u00bb custom_margin_last_edited=\u00bbon|desktop\u00bb locked=\u00bboff\u00bb global_colors_info=\u00bb{}\u00bb][\/et_pb_divider][\/et_pb_column][\/et_pb_row][et_pb_row column_structure=\u00bb1_6,1_6,1_6,1_6,1_6,1_6&#8243; use_custom_gutter=\u00bbon\u00bb gutter_width=\u00bb2&#8243; _builder_version=\u00bb4.16&#8243; locked=\u00bboff\u00bb collapsed=\u00bboff\u00bb global_colors_info=\u00bb{}\u00bb][et_pb_column type=\u00bb1_6&#8243; _builder_version=\u00bb4.16&#8243; link_option_url_new_window=\u00bbon\u00bb global_colors_info=\u00bb{}\u00bb][et_pb_image src=\u00bbhttps:\/\/www.lesbruhasses.fr\/wp-content\/uploads\/2023\/03\/The-Times-March-4-2023.jpg\u00bb alt=\u00bbThe-Times-March-4-2023&#8243; title_text=\u00bbThe-Times-March-4-2023&#8243; url=\u00bbhttps:\/\/www.thetimes.co.uk\/article\/3174075e-3b6f-4a22-b818-766116b8c8d8?shareToken=6a356c8c56077de636d6b2be9f7eef25&#038;fbclid=IwAR3oIGa3V-AfJtNjQIcod4kbx3l6ikpAfSRDSoFRwVkrimB-NOQB_7u31-8&#8243; url_new_window=\u00bbon\u00bb use_overlay=\u00bbon\u00bb hover_overlay_color=\u00bbrgba(255,255,255,0.6)\u00bb align=\u00bbcenter\u00bb admin_label=\u00bbFOOD AND SENS\u00bb _builder_version=\u00bb4.20.0&#8243; global_colors_info=\u00bb{}\u00bb][\/et_pb_image][\/et_pb_column][et_pb_column type=\u00bb1_6&#8243; _builder_version=\u00bb4.16&#8243; link_option_url_new_window=\u00bbon\u00bb global_colors_info=\u00bb{}\u00bb][et_pb_image src=\u00bbhttps:\/\/www.lesbruhasses.fr\/wp-content\/uploads\/2023\/03\/Your-English-is-better-than-my-French-Eric-Kirchmann.png\u00bb alt=\u00bbYour English is better than my French-Eric Kirchmann\u00bb title_text=\u00bbYour English is better than my French-Eric Kirchmann\u00bb url_new_window=\u00bbon\u00bb align=\u00bbcenter\u00bb admin_label=\u00bbYour english is\u00bb _builder_version=\u00bb4.20.0&#8243; global_colors_info=\u00bb{}\u00bb][\/et_pb_image][\/et_pb_column][et_pb_column type=\u00bb1_6&#8243; _builder_version=\u00bb4.16&#8243; link_option_url_new_window=\u00bbon\u00bb global_colors_info=\u00bb{}\u00bb][et_pb_image src=\u00bbhttps:\/\/www.lesbruhasses.fr\/wp-content\/uploads\/2022\/09\/Magazine-Food-and-Sense-septembre-2022.jpg\u00bb alt=\u00bbMagazine Food and Sens &#8211; septembre 2022&#8243; title_text=\u00bbMagazine Food and Sens &#8211; septembre 2022&#8243; url=\u00bbhttps:\/\/www.lesbruhasses.fr\/wp-content\/uploads\/2022\/09\/Article-Table-dHotes-Les-Bruhasses-Magazine-Food-and-Sense-septembre-2022.pdf\u00bb url_new_window=\u00bbon\u00bb use_overlay=\u00bbon\u00bb hover_overlay_color=\u00bbrgba(255,255,255,0.6)\u00bb align=\u00bbcenter\u00bb admin_label=\u00bbFOOD AND SENS\u00bb _builder_version=\u00bb4.20.0&#8243; global_colors_info=\u00bb{}\u00bb][\/et_pb_image][\/et_pb_column][et_pb_column type=\u00bb1_6&#8243; _builder_version=\u00bb4.16&#8243; link_option_url_new_window=\u00bbon\u00bb global_colors_info=\u00bb{}\u00bb][et_pb_image src=\u00bbhttps:\/\/www.lesbruhasses.fr\/wp-content\/uploads\/2022\/09\/The-Times-septembre-2022.jpg\u00bb alt=\u00bbThe Times-septembre 2022&#8243; title_text=\u00bbThe Times-septembre 2022&#8243; url=\u00bbhttps:\/\/www.lesbruhasses.fr\/wp-content\/uploads\/2022\/09\/Article-The-Times-septembre-2022.pdf\u00bb url_new_window=\u00bbon\u00bb use_overlay=\u00bbon\u00bb hover_overlay_color=\u00bbrgba(255,255,255,0.6)\u00bb align=\u00bbcenter\u00bb admin_label=\u00bbTHE TIMES\u00bb _builder_version=\u00bb4.20.0&#8243; global_colors_info=\u00bb{}\u00bb][\/et_pb_image][\/et_pb_column][et_pb_column type=\u00bb1_6&#8243; _builder_version=\u00bb4.16&#8243; link_option_url_new_window=\u00bbon\u00bb global_colors_info=\u00bb{}\u00bb][et_pb_image src=\u00bbhttps:\/\/www.lesbruhasses.fr\/wp-content\/uploads\/2022\/09\/Magazine-LAuto-Journal-juillet-aout-septembre-2022.jpg\u00bb alt=\u00bbMagazine L&#8217;Auto-Journal-juillet-ao\u00fbt-septembre 2022&#8243; title_text=\u00bbMagazine L&#8217;Auto-Journal-juillet-ao\u00fbt-septembre 2022&#8243; url=\u00bbhttps:\/\/www.lesbruhasses.fr\/wp-content\/uploads\/2022\/09\/Article-Auto-Journal-juillet-aout-septembre-2022-Les-Bruhasses-Maison-dhotes-Condom-Gers.pdf\u00bb url_new_window=\u00bbon\u00bb use_overlay=\u00bbon\u00bb hover_overlay_color=\u00bbrgba(255,255,255,0.6)\u00bb align=\u00bbcenter\u00bb admin_label=\u00bbAUTO JOURNAL\u00bb _builder_version=\u00bb4.20.0&#8243; global_colors_info=\u00bb{}\u00bb][\/et_pb_image][\/et_pb_column][et_pb_column type=\u00bb1_6&#8243; _builder_version=\u00bb4.16&#8243; link_option_url_new_window=\u00bbon\u00bb global_colors_info=\u00bb{}\u00bb][et_pb_image src=\u00bbhttps:\/\/www.lesbruhasses.fr\/wp-content\/uploads\/2022\/04\/Midi-Depeche-avril-2022.jpg\u00bb alt=\u00bbTable d&#8217;H\u00f4tes en Occitanie, Midi Magazine, Avril 2022&#8243; title_text=\u00bbTable d&#8217;H\u00f4tes en Occitanie, Midi Magazine, Avril 2022&#8243; url=\u00bbhttps:\/\/www.lesbruhasses.fr\/wp-content\/uploads\/2022\/04\/Table-dhotes-Occitanie-Midi-Depeche-avril-2022.pdf\u00bb url_new_window=\u00bbon\u00bb use_overlay=\u00bbon\u00bb hover_overlay_color=\u00bbrgba(255,255,255,0.6)\u00bb align=\u00bbcenter\u00bb admin_label=\u00bbMIDI\u00bb _builder_version=\u00bb4.20.0&#8243; global_colors_info=\u00bb{}\u00bb][\/et_pb_image][\/et_pb_column][\/et_pb_row][et_pb_row column_structure=\u00bb1_6,1_6,1_6,1_6,1_6,1_6&#8243; use_custom_gutter=\u00bbon\u00bb gutter_width=\u00bb2&#8243; admin_label=\u00bbLigne\u00bb _builder_version=\u00bb4.16&#8243; custom_margin=\u00bb-3em||||false|false\u00bb locked=\u00bboff\u00bb collapsed=\u00bboff\u00bb global_colors_info=\u00bb{}\u00bb][et_pb_column type=\u00bb1_6&#8243; _builder_version=\u00bb4.16&#8243; link_option_url_new_window=\u00bbon\u00bb global_colors_info=\u00bb{}\u00bb][et_pb_image src=\u00bbhttps:\/\/www.lesbruhasses.fr\/wp-content\/uploads\/2022\/01\/The-Guardian-newspaper-septembre-2021.jpg\u00bb alt=\u00bbThe Guardian Newspaper-septembre 2021&#8243; title_text=\u00bbThe Guardian Newspaper-septembre 2021&#8243; url=\u00bbhttps:\/\/www.lesbruhasses.fr\/wp-content\/uploads\/2021\/09\/Article-The-Guardian-septembre-2021-Les-Bruhasses-Maison-dhotes-Condom-Gers.pdf\u00bb url_new_window=\u00bbon\u00bb use_overlay=\u00bbon\u00bb hover_overlay_color=\u00bbrgba(255,255,255,0.6)\u00bb align=\u00bbcenter\u00bb admin_label=\u00bbthe guardian\u00bb _builder_version=\u00bb4.20.0&#8243; global_colors_info=\u00bb{}\u00bb][\/et_pb_image][\/et_pb_column][et_pb_column type=\u00bb1_6&#8243; _builder_version=\u00bb4.16&#8243; link_option_url_new_window=\u00bbon\u00bb global_colors_info=\u00bb{}\u00bb][et_pb_image src=\u00bbhttps:\/\/www.lesbruhasses.fr\/wp-content\/uploads\/2022\/01\/The-Times-21-August-2021.jpg\u00bb alt=\u00bbThe Times- 21 August 2021&#8243; title_text=\u00bbThe Times- 21 August 2021&#8243; url=\u00bbhttps:\/\/www.lesbruhasses.fr\/wp-content\/uploads\/2021\/09\/Article-The-Times-aout-2021-Les-Bruhasses-Maison-dhotes-Condom-Gers.pdf\u00bb url_new_window=\u00bbon\u00bb use_overlay=\u00bbon\u00bb hover_overlay_color=\u00bbrgba(255,255,255,0.6)\u00bb align=\u00bbcenter\u00bb admin_label=\u00bbthe times\u00bb _builder_version=\u00bb4.20.0&#8243; global_colors_info=\u00bb{}\u00bb][\/et_pb_image][\/et_pb_column][et_pb_column type=\u00bb1_6&#8243; _builder_version=\u00bb4.18.0&#8243; _module_preset=\u00bbdefault\u00bb global_colors_info=\u00bb{}\u00bb][et_pb_image src=\u00bbhttps:\/\/www.lesbruhasses.fr\/wp-content\/uploads\/2022\/01\/magazine-cote-gers-2018.jpg\u00bb alt=\u00bbMagazine Cot\u00e9 Gers 2018&#8243; title_text=\u00bbMagazine Cot\u00e9 Gers 2018&#8243; url=\u00bbhttps:\/\/www.lesbruhasses.fr\/wp-content\/uploads\/2019\/12\/Gascogne-Cote-Gers-magazine-2018-Sur-la-route-des-bruhasses.pdf\u00bb url_new_window=\u00bbon\u00bb use_overlay=\u00bbon\u00bb hover_overlay_color=\u00bbrgba(255,255,255,0.6)\u00bb align=\u00bbcenter\u00bb admin_label=\u00bbMagazine Cot\u00e9 Gers 2018&#8243; _builder_version=\u00bb4.18.0&#8243; global_colors_info=\u00bb{}\u00bb][\/et_pb_image][\/et_pb_column][et_pb_column type=\u00bb1_6&#8243; _builder_version=\u00bb4.16&#8243; link_option_url_new_window=\u00bbon\u00bb global_colors_info=\u00bb{}\u00bb][et_pb_image src=\u00bbhttps:\/\/www.lesbruhasses.fr\/wp-content\/uploads\/2022\/01\/Magazine-Food-and-Travel.jpg\u00bb alt=\u00bbMagazine Food and Travel\u00bb title_text=\u00bbMagazine Food and Travel\u00bb url=\u00bbhttps:\/\/www.lesbruhasses.fr\/wp-content\/uploads\/2019\/12\/Food-and-Travel-magazine-octobre-2017.pdf\u00bb url_new_window=\u00bbon\u00bb use_overlay=\u00bbon\u00bb hover_overlay_color=\u00bbrgba(255,255,255,0.6)\u00bb align=\u00bbcenter\u00bb admin_label=\u00bbMagazine Food and Travel\u00bb _builder_version=\u00bb4.18.0&#8243; global_colors_info=\u00bb{}\u00bb][\/et_pb_image][\/et_pb_column][et_pb_column type=\u00bb1_6&#8243; _builder_version=\u00bb4.16&#8243; link_option_url_new_window=\u00bbon\u00bb global_colors_info=\u00bb{}\u00bb][et_pb_image src=\u00bbhttps:\/\/www.lesbruhasses.fr\/wp-content\/uploads\/2022\/01\/magazine-style-campagne-sept-oct-2017.jpg\u00bb alt=\u00bbMagazine Style Campagne- septembre octobre 2017&#8243; title_text=\u00bbMagazine Style Campagne- septembre octobre 2017&#8243; url=\u00bbhttps:\/\/www.lesbruhasses.fr\/wp-content\/uploads\/2019\/12\/Style-Campagne-magazine-sept-oct-2017.pdf\u00bb url_new_window=\u00bbon\u00bb use_overlay=\u00bbon\u00bb hover_overlay_color=\u00bbrgba(255,255,255,0.6)\u00bb align=\u00bbcenter\u00bb admin_label=\u00bbMagazine Style Campagne- septembre octobre 2017&#8243; _builder_version=\u00bb4.18.0&#8243; global_colors_info=\u00bb{}\u00bb][\/et_pb_image][\/et_pb_column][et_pb_column type=\u00bb1_6&#8243; _builder_version=\u00bb4.16&#8243; link_option_url_new_window=\u00bbon\u00bb global_colors_info=\u00bb{}\u00bb][et_pb_image src=\u00bbhttps:\/\/www.lesbruhasses.fr\/wp-content\/uploads\/2022\/04\/Revista-VIAJAR-Les-Bruhasses-Encantadora-casa-de-huespedes-y-habitaciones.-Condon-Gers.jpg\u00bb alt=\u00bbViajar, Espagne, Mai 2020&#8243; title_text=\u00bbViajar, Espagne, Mai 2020&#8243; url=\u00bbhttps:\/\/www.lesbruhasses.fr\/wp-content\/uploads\/2022\/04\/Articulo-de-revista-VIAJAR-Les-Bruhasses-Encantadora-casa-de-huespedes-y-habitaciones.-Condon-Gers.pdf\u00bb url_new_window=\u00bbon\u00bb use_overlay=\u00bbon\u00bb hover_overlay_color=\u00bbrgba(255,255,255,0.6)\u00bb align=\u00bbcenter\u00bb admin_label=\u00bbviajar\u00bb _builder_version=\u00bb4.20.0&#8243; global_colors_info=\u00bb{}\u00bb][\/et_pb_image][\/et_pb_column][\/et_pb_row][et_pb_row column_structure=\u00bb1_6,1_6,1_6,1_6,1_6,1_6&#8243; use_custom_gutter=\u00bbon\u00bb gutter_width=\u00bb2&#8243; _builder_version=\u00bb4.16&#8243; custom_margin=\u00bb-3em||||false|false\u00bb locked=\u00bboff\u00bb collapsed=\u00bboff\u00bb global_colors_info=\u00bb{}\u00bb][et_pb_column type=\u00bb1_6&#8243; _builder_version=\u00bb4.16&#8243; link_option_url_new_window=\u00bbon\u00bb global_colors_info=\u00bb{}\u00bb][et_pb_image src=\u00bbhttps:\/\/www.lesbruhasses.fr\/wp-content\/uploads\/2022\/01\/Les-carnets-de-Julie-Tome-2.jpg\u00bb alt=\u00bbLes carnets de Julie-Tome 2&#8243; title_text=\u00bbLes carnets de Julie-Tome 2&#8243; url=\u00bbhttps:\/\/www.lesbruhasses.fr\/wp-content\/uploads\/2019\/12\/lalicuit-dHelene-Julie-Andrieu-Les-Bruhasses-Maison-hotes-de-chame-dans-le-Gers.pdf\u00bb url_new_window=\u00bbon\u00bb use_overlay=\u00bbon\u00bb hover_overlay_color=\u00bbrgba(255,255,255,0.6)\u00bb align=\u00bbcenter\u00bb _builder_version=\u00bb4.18.0&#8243; global_colors_info=\u00bb{}\u00bb][\/et_pb_image][\/et_pb_column][et_pb_column type=\u00bb1_6&#8243; _builder_version=\u00bb4.16&#8243; link_option_url_new_window=\u00bbon\u00bb global_colors_info=\u00bb{}\u00bb][et_pb_image src=\u00bbhttps:\/\/www.lesbruhasses.fr\/wp-content\/uploads\/2022\/01\/Le-figaro-magazine-avril-2014.jpg\u00bb alt=\u00bbLe Figaro magazine avril 2014&#8243; title_text=\u00bbLe Figaro magazine avril 2014&#8243; url=\u00bbhttps:\/\/www.lesbruhasses.fr\/wp-content\/uploads\/2019\/12\/Figaro-magazine-2014-Les-Bruhasses.pdf\u00bb url_new_window=\u00bbon\u00bb use_overlay=\u00bbon\u00bb hover_overlay_color=\u00bbrgba(255,255,255,0.6)\u00bb align=\u00bbcenter\u00bb admin_label=\u00bbLe Figaro magazine avril 2014&#8243; _builder_version=\u00bb4.18.0&#8243; global_colors_info=\u00bb{}\u00bb][\/et_pb_image][\/et_pb_column][et_pb_column type=\u00bb1_6&#8243; _builder_version=\u00bb4.16&#8243; link_option_url_new_window=\u00bbon\u00bb global_colors_info=\u00bb{}\u00bb][et_pb_image src=\u00bbhttps:\/\/www.lesbruhasses.fr\/wp-content\/uploads\/2022\/01\/couverture-Sud-Ouest-Le-mag-decembre-2014-Les-Bruhasses-Gers.jpg\u00bb alt=\u00bbSud Ouest-Le mag-d\u00e9cembre 2014&#8243; title_text=\u00bbSud Ouest-Le mag-d\u00e9cembre 2014&#8243; url=\u00bbhttps:\/\/www.lesbruhasses.fr\/wp-content\/uploads\/2019\/12\/Article-dans-Sud-Ouest-Le-mag-d\u00e9cembre-2014-Les-Bruhasses-Maison-hotes-de-charme-Gers.pdf\u00bb url_new_window=\u00bbon\u00bb use_overlay=\u00bbon\u00bb hover_overlay_color=\u00bbrgba(255,255,255,0.6)\u00bb align=\u00bbcenter\u00bb admin_label=\u00bbSud Ouest-Le mag-d\u00e9cembre 2014&#8243; _builder_version=\u00bb4.18.0&#8243; global_colors_info=\u00bb{}\u00bb][\/et_pb_image][\/et_pb_column][et_pb_column type=\u00bb1_6&#8243; _builder_version=\u00bb4.16&#8243; link_option_url_new_window=\u00bbon\u00bb global_colors_info=\u00bb{}\u00bb][et_pb_image src=\u00bbhttps:\/\/www.lesbruhasses.fr\/wp-content\/uploads\/2022\/01\/Chambres-hotes-et-hotels-exception-M-D-Perrin-Hachette.jpg\u00bb alt=\u00bbChambres d&#8217;hotes et hotels d&#8217;exception-M-D Perrin-Hachette\u00bb title_text=\u00bbChambres d&#8217;hotes et hotels d&#8217;exception-M-D Perrin-Hachette\u00bb url=\u00bbhttps:\/\/www.lesbruhasses.fr\/wp-content\/uploads\/2019\/12\/Article-sur-les-Bruhasses-dans-le-Gers-dans-le-livre-Chambres-hotes-et-hotels-exception-Marie-Dominique-Perrin-Hachette.pdf\u00bb url_new_window=\u00bbon\u00bb use_overlay=\u00bbon\u00bb hover_overlay_color=\u00bbrgba(255,255,255,0.6)\u00bb align=\u00bbcenter\u00bb admin_label=\u00bbChambres d&#8217;hotes et hotels d&#8217;exception-M-D Perrin-Hachette\u00bb _builder_version=\u00bb4.18.0&#8243; global_colors_info=\u00bb{}\u00bb][\/et_pb_image][\/et_pb_column][et_pb_column type=\u00bb1_6&#8243; _builder_version=\u00bb4.16&#8243; link_option_url_new_window=\u00bbon\u00bb global_colors_info=\u00bb{}\u00bb][et_pb_image src=\u00bbhttps:\/\/www.lesbruhasses.fr\/wp-content\/uploads\/2022\/01\/Magazine-terre-de-vins.jpg\u00bb alt=\u00bbMagazine Terre de Vins\u00bb title_text=\u00bbMagazine Terre de Vins\u00bb url=\u00bbhttps:\/\/www.lesbruhasses.fr\/wp-content\/uploads\/2019\/12\/Terre-de-vins-magazine-2015.pdf\u00bb url_new_window=\u00bbon\u00bb use_overlay=\u00bbon\u00bb hover_overlay_color=\u00bbrgba(255,255,255,0.6)\u00bb align=\u00bbcenter\u00bb _builder_version=\u00bb4.18.0&#8243; global_colors_info=\u00bb{}\u00bb][\/et_pb_image][\/et_pb_column][et_pb_column type=\u00bb1_6&#8243; _builder_version=\u00bb4.16&#8243; link_option_url_new_window=\u00bbon\u00bb global_colors_info=\u00bb{}\u00bb][\/et_pb_column][\/et_pb_row][et_pb_row _builder_version=\u00bb4.16&#8243; custom_margin=\u00bb||-5em||false|false\u00bb custom_margin_tablet=\u00bb\u00bb custom_margin_phone=\u00bb\u00bb custom_margin_last_edited=\u00bbon|phone\u00bb collapsed=\u00bboff\u00bb global_colors_info=\u00bb{}\u00bb][et_pb_column type=\u00bb4_4&#8243; _builder_version=\u00bb4.16&#8243; global_colors_info=\u00bb{}\u00bb][et_pb_image src=\u00bbhttps:\/\/www.lesbruhasses.fr\/es\/wp-content\/uploads\/sites\/3\/2023\/01\/Logo-footer-les-Bruhasses-Maison-dhotes-de-charme-Gers.png\u00bb title_text=\u00bbLogo footer les Bruhasses-Maison d&#8217;h\u00f4tes de charme-Gers\u00bb url_new_window=\u00bbon\u00bb show_bottom_space=\u00bboff\u00bb align=\u00bbcenter\u00bb _builder_version=\u00bb4.19.4&#8243; custom_padding=\u00bb||2em||false|false\u00bb global_colors_info=\u00bb{}\u00bb][\/et_pb_image][\/et_pb_column][\/et_pb_row][\/et_pb_section]<\/p>\n","protected":false},"excerpt":{"rendered":"<p>Tarifas 2026 para habitaciones\n<table id=\"tablepress-4-no-2\" class=\"tablepress tablepress-id-4\">\n<thead>\n<tr class=\"row-1\">\n\t<th class=\"column-1\">Habitaci\u00f3n<\/th><th class=\"column-2\">2026-2 personas<\/th>\n<\/tr>\n<\/thead>\n<tbody class=\"row-striping row-hover\">\n<tr class=\"row-2\">\n\t<td class=\"column-1\">Clair de Lune<\/td><td class=\"column-2\">109,00\u20ac<\/td>\n<\/tr>\n<tr class=\"row-3\">\n\t<td class=\"column-1\">Harmonie du Soir<\/td><td class=\"column-2\">109,00\u20ac<\/td>\n<\/tr>\n<tr class=\"row-4\">\n\t<td class=\"column-1\">Hymne au Soleil<\/td><td class=\"column-2\">119,00\u20ac<\/td>\n<\/tr>\n<tr class=\"row-5\">\n\t<td class=\"column-1\">Ballade en R\u00eave<\/td><td class=\"column-2\">119,00\u20ac<\/td>\n<\/tr>\n<tr class=\"row-6\">\n\t<td class=\"column-1\">Fleurs d'Aurore<\/td><td class=\"column-2\">114,00\u20ac<\/td>\n<\/tr>\n<tr class=\"row-7\">\n\t<td class=\"column-1\">Suite Fleurs d'Aurore<\/td><td class=\"column-2\">3 o 4 personas : 174,00\u20ac<\/td>\n<\/tr>\n<\/tbody>\n<\/table>\nInformaci\u00f3n adicionalPeriodo de apertura 2026: 01\/02\/2026 al 30\/11\/2026. Las tarifas son por una noche, desayuno incluido. Persona adicional: 20,00 \u20ac \/noche\/persona. Impuesto tur\u00edstico 2024 : 1,08 euro\/persona. Para cualquier estad\u00eda de 7 d\u00edas o m\u00e1s, puede beneficiarse de un 10% de descuento por noche en ocupaci\u00f3n doble si reserva directamente. [&hellip;]<\/p>\n","protected":false},"author":1,"featured_media":265,"parent":0,"menu_order":0,"comment_status":"closed","ping_status":"closed","template":"","meta":{"_et_pb_use_builder":"on","_et_pb_old_content":"","_et_gb_content_width":"","footnotes":""},"class_list":["post-60","page","type-page","status-publish","has-post-thumbnail","hentry"],"yoast_head":"<!-- This site is optimized with the Yoast SEO plugin v26.8 - https:\/\/yoast.com\/product\/yoast-seo-wordpress\/ -->\n<title>Tarifas 2026 para habitaciones - Les Bruhasses | Hotel con encanto y habitaciones. Cond\u00f3n Gers<\/title>\n<meta name=\"description\" content=\"Tarifas y disponibilidad de habitaciones y suites en la encantadora casa de hu\u00e9spedes Les Bruhasses. Alojamiento y desayuno con todas las comodidades en Gers en Condom.\" \/>\n<meta name=\"robots\" content=\"index, follow, max-snippet:-1, max-image-preview:large, max-video-preview:-1\" \/>\n<link rel=\"canonical\" href=\"https:\/\/www.lesbruhasses.fr\/es\/tarifas-2026-para-habitaciones\/\" \/>\n<meta property=\"og:locale\" content=\"es_ES\" \/>\n<meta property=\"og:type\" content=\"article\" \/>\n<meta property=\"og:title\" content=\"Tarifas 2026 para habitaciones - Les Bruhasses | Hotel con encanto y habitaciones. Cond\u00f3n Gers\" \/>\n<meta property=\"og:description\" content=\"Tarifas y disponibilidad de habitaciones y suites en la encantadora casa de hu\u00e9spedes Les Bruhasses. Alojamiento y desayuno con todas las comodidades en Gers en Condom.\" \/>\n<meta property=\"og:url\" content=\"https:\/\/www.lesbruhasses.fr\/es\/tarifas-2026-para-habitaciones\/\" \/>\n<meta property=\"og:site_name\" content=\"Les Bruhasses | Hotel con encanto y habitaciones. Cond\u00f3n Gers\" \/>\n<meta property=\"article:modified_time\" content=\"2026-01-19T12:43:17+00:00\" \/>\n<meta property=\"og:image\" content=\"https:\/\/www.lesbruhasses.fr\/es\/wp-content\/uploads\/sites\/3\/2022\/01\/Suite-Fleurs-aurore-Maison-hotes-de-charme-Les-Bruhasses-Gers1.jpg\" \/>\n\t<meta property=\"og:image:width\" content=\"1200\" \/>\n\t<meta property=\"og:image:height\" content=\"800\" \/>\n\t<meta property=\"og:image:type\" content=\"image\/jpeg\" \/>\n<meta name=\"twitter:card\" content=\"summary_large_image\" \/>\n<meta name=\"twitter:label1\" content=\"Tiempo de lectura\" \/>\n\t<meta name=\"twitter:data1\" content=\"10 minutos\" \/>\n<script type=\"application\/ld+json\" class=\"yoast-schema-graph\">{\"@context\":\"https:\/\/schema.org\",\"@graph\":[{\"@type\":\"WebPage\",\"@id\":\"https:\/\/www.lesbruhasses.fr\/es\/tarifas-2026-para-habitaciones\/\",\"url\":\"https:\/\/www.lesbruhasses.fr\/es\/tarifas-2026-para-habitaciones\/\",\"name\":\"Tarifas 2026 para habitaciones - Les Bruhasses | Hotel con encanto y habitaciones. Cond\u00f3n Gers\",\"isPartOf\":{\"@id\":\"https:\/\/www.lesbruhasses.fr\/es\/#website\"},\"primaryImageOfPage\":{\"@id\":\"https:\/\/www.lesbruhasses.fr\/es\/tarifas-2026-para-habitaciones\/#primaryimage\"},\"image\":{\"@id\":\"https:\/\/www.lesbruhasses.fr\/es\/tarifas-2026-para-habitaciones\/#primaryimage\"},\"thumbnailUrl\":\"https:\/\/www.lesbruhasses.fr\/es\/wp-content\/uploads\/sites\/3\/2022\/01\/Suite-Fleurs-aurore-Maison-hotes-de-charme-Les-Bruhasses-Gers1.jpg\",\"datePublished\":\"2022-01-05T17:50:04+00:00\",\"dateModified\":\"2026-01-19T12:43:17+00:00\",\"description\":\"Tarifas y disponibilidad de habitaciones y suites en la encantadora casa de hu\u00e9spedes Les Bruhasses. Alojamiento y desayuno con todas las comodidades en Gers en Condom.\",\"breadcrumb\":{\"@id\":\"https:\/\/www.lesbruhasses.fr\/es\/tarifas-2026-para-habitaciones\/#breadcrumb\"},\"inLanguage\":\"es\",\"potentialAction\":[{\"@type\":\"ReadAction\",\"target\":[\"https:\/\/www.lesbruhasses.fr\/es\/tarifas-2026-para-habitaciones\/\"]}]},{\"@type\":\"ImageObject\",\"inLanguage\":\"es\",\"@id\":\"https:\/\/www.lesbruhasses.fr\/es\/tarifas-2026-para-habitaciones\/#primaryimage\",\"url\":\"https:\/\/www.lesbruhasses.fr\/es\/wp-content\/uploads\/sites\/3\/2022\/01\/Suite-Fleurs-aurore-Maison-hotes-de-charme-Les-Bruhasses-Gers1.jpg\",\"contentUrl\":\"https:\/\/www.lesbruhasses.fr\/es\/wp-content\/uploads\/sites\/3\/2022\/01\/Suite-Fleurs-aurore-Maison-hotes-de-charme-Les-Bruhasses-Gers1.jpg\",\"width\":1200,\"height\":800},{\"@type\":\"BreadcrumbList\",\"@id\":\"https:\/\/www.lesbruhasses.fr\/es\/tarifas-2026-para-habitaciones\/#breadcrumb\",\"itemListElement\":[{\"@type\":\"ListItem\",\"position\":1,\"name\":\"Accueil\",\"item\":\"https:\/\/www.lesbruhasses.fr\/es\/\"},{\"@type\":\"ListItem\",\"position\":2,\"name\":\"Tarifas 2026 para habitaciones\"}]},{\"@type\":\"WebSite\",\"@id\":\"https:\/\/www.lesbruhasses.fr\/es\/#website\",\"url\":\"https:\/\/www.lesbruhasses.fr\/es\/\",\"name\":\"Les Bruhasses | Hotel con encanto y habitaciones. Cond\u00f3n Gers\",\"description\":\"\",\"potentialAction\":[{\"@type\":\"SearchAction\",\"target\":{\"@type\":\"EntryPoint\",\"urlTemplate\":\"https:\/\/www.lesbruhasses.fr\/es\/?s={search_term_string}\"},\"query-input\":{\"@type\":\"PropertyValueSpecification\",\"valueRequired\":true,\"valueName\":\"search_term_string\"}}],\"inLanguage\":\"es\"}]}<\/script>\n<!-- \/ Yoast SEO plugin. -->","yoast_head_json":{"title":"Tarifas 2026 para habitaciones - Les Bruhasses | Hotel con encanto y habitaciones. Cond\u00f3n Gers","description":"Tarifas y disponibilidad de habitaciones y suites en la encantadora casa de hu\u00e9spedes Les Bruhasses. Alojamiento y desayuno con todas las comodidades en Gers en Condom.","robots":{"index":"index","follow":"follow","max-snippet":"max-snippet:-1","max-image-preview":"max-image-preview:large","max-video-preview":"max-video-preview:-1"},"canonical":"https:\/\/www.lesbruhasses.fr\/es\/tarifas-2026-para-habitaciones\/","og_locale":"es_ES","og_type":"article","og_title":"Tarifas 2026 para habitaciones - Les Bruhasses | Hotel con encanto y habitaciones. Cond\u00f3n Gers","og_description":"Tarifas y disponibilidad de habitaciones y suites en la encantadora casa de hu\u00e9spedes Les Bruhasses. Alojamiento y desayuno con todas las comodidades en Gers en Condom.","og_url":"https:\/\/www.lesbruhasses.fr\/es\/tarifas-2026-para-habitaciones\/","og_site_name":"Les Bruhasses | Hotel con encanto y habitaciones. Cond\u00f3n Gers","article_modified_time":"2026-01-19T12:43:17+00:00","og_image":[{"width":1200,"height":800,"url":"https:\/\/www.lesbruhasses.fr\/es\/wp-content\/uploads\/sites\/3\/2022\/01\/Suite-Fleurs-aurore-Maison-hotes-de-charme-Les-Bruhasses-Gers1.jpg","type":"image\/jpeg"}],"twitter_card":"summary_large_image","twitter_misc":{"Tiempo de lectura":"10 minutos"},"schema":{"@context":"https:\/\/schema.org","@graph":[{"@type":"WebPage","@id":"https:\/\/www.lesbruhasses.fr\/es\/tarifas-2026-para-habitaciones\/","url":"https:\/\/www.lesbruhasses.fr\/es\/tarifas-2026-para-habitaciones\/","name":"Tarifas 2026 para habitaciones - Les Bruhasses | Hotel con encanto y habitaciones. Cond\u00f3n Gers","isPartOf":{"@id":"https:\/\/www.lesbruhasses.fr\/es\/#website"},"primaryImageOfPage":{"@id":"https:\/\/www.lesbruhasses.fr\/es\/tarifas-2026-para-habitaciones\/#primaryimage"},"image":{"@id":"https:\/\/www.lesbruhasses.fr\/es\/tarifas-2026-para-habitaciones\/#primaryimage"},"thumbnailUrl":"https:\/\/www.lesbruhasses.fr\/es\/wp-content\/uploads\/sites\/3\/2022\/01\/Suite-Fleurs-aurore-Maison-hotes-de-charme-Les-Bruhasses-Gers1.jpg","datePublished":"2022-01-05T17:50:04+00:00","dateModified":"2026-01-19T12:43:17+00:00","description":"Tarifas y disponibilidad de habitaciones y suites en la encantadora casa de hu\u00e9spedes Les Bruhasses. Alojamiento y desayuno con todas las comodidades en Gers en Condom.","breadcrumb":{"@id":"https:\/\/www.lesbruhasses.fr\/es\/tarifas-2026-para-habitaciones\/#breadcrumb"},"inLanguage":"es","potentialAction":[{"@type":"ReadAction","target":["https:\/\/www.lesbruhasses.fr\/es\/tarifas-2026-para-habitaciones\/"]}]},{"@type":"ImageObject","inLanguage":"es","@id":"https:\/\/www.lesbruhasses.fr\/es\/tarifas-2026-para-habitaciones\/#primaryimage","url":"https:\/\/www.lesbruhasses.fr\/es\/wp-content\/uploads\/sites\/3\/2022\/01\/Suite-Fleurs-aurore-Maison-hotes-de-charme-Les-Bruhasses-Gers1.jpg","contentUrl":"https:\/\/www.lesbruhasses.fr\/es\/wp-content\/uploads\/sites\/3\/2022\/01\/Suite-Fleurs-aurore-Maison-hotes-de-charme-Les-Bruhasses-Gers1.jpg","width":1200,"height":800},{"@type":"BreadcrumbList","@id":"https:\/\/www.lesbruhasses.fr\/es\/tarifas-2026-para-habitaciones\/#breadcrumb","itemListElement":[{"@type":"ListItem","position":1,"name":"Accueil","item":"https:\/\/www.lesbruhasses.fr\/es\/"},{"@type":"ListItem","position":2,"name":"Tarifas 2026 para habitaciones"}]},{"@type":"WebSite","@id":"https:\/\/www.lesbruhasses.fr\/es\/#website","url":"https:\/\/www.lesbruhasses.fr\/es\/","name":"Les Bruhasses | Hotel con encanto y habitaciones. Cond\u00f3n Gers","description":"","potentialAction":[{"@type":"SearchAction","target":{"@type":"EntryPoint","urlTemplate":"https:\/\/www.lesbruhasses.fr\/es\/?s={search_term_string}"},"query-input":{"@type":"PropertyValueSpecification","valueRequired":true,"valueName":"search_term_string"}}],"inLanguage":"es"}]}},"_links":{"self":[{"href":"https:\/\/www.lesbruhasses.fr\/es\/wp-json\/wp\/v2\/pages\/60","targetHints":{"allow":["GET"]}}],"collection":[{"href":"https:\/\/www.lesbruhasses.fr\/es\/wp-json\/wp\/v2\/pages"}],"about":[{"href":"https:\/\/www.lesbruhasses.fr\/es\/wp-json\/wp\/v2\/types\/page"}],"author":[{"embeddable":true,"href":"https:\/\/www.lesbruhasses.fr\/es\/wp-json\/wp\/v2\/users\/1"}],"replies":[{"embeddable":true,"href":"https:\/\/www.lesbruhasses.fr\/es\/wp-json\/wp\/v2\/comments?post=60"}],"version-history":[{"count":35,"href":"https:\/\/www.lesbruhasses.fr\/es\/wp-json\/wp\/v2\/pages\/60\/revisions"}],"predecessor-version":[{"id":1024,"href":"https:\/\/www.lesbruhasses.fr\/es\/wp-json\/wp\/v2\/pages\/60\/revisions\/1024"}],"wp:featuredmedia":[{"embeddable":true,"href":"https:\/\/www.lesbruhasses.fr\/es\/wp-json\/wp\/v2\/media\/265"}],"wp:attachment":[{"href":"https:\/\/www.lesbruhasses.fr\/es\/wp-json\/wp\/v2\/media?parent=60"}],"curies":[{"name":"wp","href":"https:\/\/api.w.org\/{rel}","templated":true}]}}